{"id":17,"date":"2021-08-22T12:40:53","date_gmt":"2021-08-22T12:40:53","guid":{"rendered":"https:\/\/habitat.hu\/sites\/lakhatasi-jelentes-2021\/?page_id=17"},"modified":"2023-03-31T14:20:15","modified_gmt":"2023-03-31T12:20:15","slug":"a-lakhatasi-szegenyseg-csokkentesenek-europai-unios-keretei","status":"publish","type":"page","link":"https:\/\/habitat.hu\/sites\/lakhatasi-jelentes-2021\/a-lakhatasi-szegenyseg-csokkentesenek-europai-unios-keretei\/","title":{"rendered":"A lakhat\u00e1si szeg\u00e9nys\u00e9g cs\u00f6kkent\u00e9s\u00e9nek eur\u00f3pai uni\u00f3s keretei"},"content":{"rendered":"<p>[et_pb_section fb_built=&#8221;1&#8243; fullwidth=&#8221;on&#8221; _builder_version=&#8221;4.16&#8243; global_colors_info=&#8221;{}&#8221;][et_pb_fullwidth_slider show_arrows=&#8221;off&#8221; show_pagination=&#8221;off&#8221; _builder_version=&#8221;4.20.2&#8243; text_orientation=&#8221;left&#8221; custom_padding=&#8221;5%||5%||false|false&#8221; hover_enabled=&#8221;0&#8243; global_colors_info=&#8221;{}&#8221; sticky_enabled=&#8221;0&#8243;][et_pb_slide heading=&#8221;A lakhat\u00e1si szeg\u00e9nys\u00e9g cs\u00f6kkent\u00e9s\u00e9nek eur\u00f3pai uni\u00f3s keretei&#8221; use_bg_overlay=&#8221;off&#8221; use_text_overlay=&#8221;off&#8221; _builder_version=&#8221;4.20.2&#8243; header_font=&#8221;|800||on|||||&#8221; header_text_align=&#8221;center&#8221; header_font_size=&#8221;55px&#8221; header_line_height=&#8221;1.1em&#8221; background_color=&#8221;#385988&#8243; background_enable_color=&#8221;on&#8221; background_enable_image=&#8221;off&#8221; background_blend=&#8221;darken&#8221; button_on_hover=&#8221;on&#8221; text_orientation=&#8221;left&#8221; child_mix_blend_mode=&#8221;darken&#8221; hover_enabled=&#8221;0&#8243; header_font_size_tablet=&#8221;45px&#8221; header_font_size_phone=&#8221;35px&#8221; header_font_size_last_edited=&#8221;on|phone&#8221; global_colors_info=&#8221;{}&#8221; sticky_transition=&#8221;on&#8221; sticky_enabled=&#8221;0&#8243;]<\/p>\n<p style=\"text-align: center;\"><i class=\"fas fa-user\"><\/i> Szerz\u0151: Bajomi Anna Zs\u00f3fia <em>(PhD hallgat\u00f3, Politecnico di Milano, Urban Planning, Design and Policy szak)<\/em>.<\/p>\n<p style=\"text-align: center;\"><i class=\"fas fa-calendar-alt\"><\/i> A szerkeszt\u00e9s 2021. augusztus 5-\u00e9n lez\u00e1rult.<\/p>\n<p style=\"text-align: center;\"><i class=\"fas fa-file-alt\"><\/i> Az al\u00e1bbiakban a fejezet kivonata olvashat\u00f3.<\/p>\n<p style=\"text-align: center; margin-top: 1em;\"><a class=\"fejezet-btn\" href=\"https:\/\/habitat.hu\/sites\/lakhatasi-jelentes-2021\/wp-content\/uploads\/sites\/10\/2021\/09\/Habitat_EvesJelentes_2021_20210909.pdf\" target=\"_blank\" rel=\"noopener\">A teljes fejezet let\u00f6lthet\u0151 itt.<\/a><\/p>\n<p>[\/et_pb_slide][\/et_pb_fullwidth_slider][\/et_pb_section][et_pb_section fb_built=&#8221;1&#8243; _builder_version=&#8221;4.16&#8243; global_colors_info=&#8221;{}&#8221;][et_pb_row _builder_version=&#8221;4.16&#8243; background_size=&#8221;initial&#8221; background_position=&#8221;top_left&#8221; background_repeat=&#8221;repeat&#8221; custom_margin=&#8221;0px||0px||false|false&#8221; custom_padding=&#8221;0px||0px||false|false&#8221; global_colors_info=&#8221;{}&#8221;][et_pb_column type=&#8221;4_4&#8243; _builder_version=&#8221;4.16&#8243; custom_padding=&#8221;|||&#8221; global_colors_info=&#8221;{}&#8221; custom_padding__hover=&#8221;|||&#8221;][et_pb_text _builder_version=&#8221;4.16&#8243; text_font_size=&#8221;15px&#8221; header_line_height=&#8221;1.1em&#8221; header_2_line_height=&#8221;1.1em&#8221; header_3_font=&#8221;|600||on|||||&#8221; header_3_text_color=&#8221;#385988&#8243; header_3_line_height=&#8221;1.1em&#8221; header_4_text_color=&#8221;#385988&#8243; header_4_line_height=&#8221;1.1em&#8221; z_index_tablet=&#8221;500&#8243; text_text_shadow_horizontal_length_tablet=&#8221;0px&#8221; text_text_shadow_vertical_length_tablet=&#8221;0px&#8221; text_text_shadow_blur_strength_tablet=&#8221;1px&#8221; link_text_shadow_horizontal_length_tablet=&#8221;0px&#8221; link_text_shadow_vertical_length_tablet=&#8221;0px&#8221; link_text_shadow_blur_strength_tablet=&#8221;1px&#8221; ul_text_shadow_horizontal_length_tablet=&#8221;0px&#8221; ul_text_shadow_vertical_length_tablet=&#8221;0px&#8221; ul_text_shadow_blur_strength_tablet=&#8221;1px&#8221; ol_text_shadow_horizontal_length_tablet=&#8221;0px&#8221; ol_text_shadow_vertical_length_tablet=&#8221;0px&#8221; ol_text_shadow_blur_strength_tablet=&#8221;1px&#8221; quote_text_shadow_horizontal_length_tablet=&#8221;0px&#8221; quote_text_shadow_vertical_length_tablet=&#8221;0px&#8221; quote_text_shadow_blur_strength_tablet=&#8221;1px&#8221; header_text_shadow_horizontal_length_tablet=&#8221;0px&#8221; header_text_shadow_vertical_length_tablet=&#8221;0px&#8221; header_text_shadow_blur_strength_tablet=&#8221;1px&#8221; header_2_text_shadow_horizontal_length_tablet=&#8221;0px&#8221; header_2_text_shadow_vertical_length_tablet=&#8221;0px&#8221; header_2_text_shadow_blur_strength_tablet=&#8221;1px&#8221; header_3_text_shadow_horizontal_length_tablet=&#8221;0px&#8221; header_3_text_shadow_vertical_length_tablet=&#8221;0px&#8221; header_3_text_shadow_blur_strength_tablet=&#8221;1px&#8221; header_4_text_shadow_horizontal_length_tablet=&#8221;0px&#8221; header_4_text_shadow_vertical_length_tablet=&#8221;0px&#8221; header_4_text_shadow_blur_strength_tablet=&#8221;1px&#8221; header_5_text_shadow_horizontal_length_tablet=&#8221;0px&#8221; header_5_text_shadow_vertical_length_tablet=&#8221;0px&#8221; header_5_text_shadow_blur_strength_tablet=&#8221;1px&#8221; header_6_text_shadow_horizontal_length_tablet=&#8221;0px&#8221; header_6_text_shadow_vertical_length_tablet=&#8221;0px&#8221; header_6_text_shadow_blur_strength_tablet=&#8221;1px&#8221; box_shadow_horizontal_tablet=&#8221;0px&#8221; box_shadow_vertical_tablet=&#8221;0px&#8221; box_shadow_blur_tablet=&#8221;40px&#8221; box_shadow_spread_tablet=&#8221;0px&#8221; global_colors_info=&#8221;{}&#8221;]Az Eur\u00f3pai Uni\u00f3ban a lak\u00e1spolitika tag\u00e1llami hat\u00e1sk\u00f6r; az orsz\u00e1gok saj\u00e1t maguk alak\u00edtj\u00e1k ki a lakhat\u00e1ssal kapcsolatos jogszab\u00e1lyi, k\u00f6zpolitikai kereteket. Az EU azonban az energiapolitika, a region\u00e1lis- \u00e9s v\u00e1rospolitika, a foglalkoztat\u00e1si \u00e9s szoci\u00e1lis \u00fcgyek, vagy ak\u00e1r a gazdas\u00e1gpolitikai koordin\u00e1ci\u00f3 ment\u00e9n k\u00f6zvetlen vagy k\u00f6zvetett hat\u00e1st tud gyakorolni a lakhat\u00e1sra. A szakpolitik\u00e1k megval\u00f3s\u00edt\u00e1s\u00e1t az EU jogszab\u00e1lyok alkot\u00e1s\u00e1val \u00e9s p\u00e9nz\u00fcgyi forr\u00e1sok biztos\u00edt\u00e1s\u00e1val, valamint aj\u00e1nl\u00e1sok, v\u00e9lem\u00e9nyek megfogalmaz\u00e1s\u00e1val, technikai seg\u00edts\u00e9gny\u00fajt\u00e1s form\u00e1j\u00e1ban, vagy orsz\u00e1gokon \u00e1t\u00edvel\u0151 szakmai egy\u00fcttm\u0171k\u00f6d\u00e9ssel, tapasztalatcser\u00e9k t\u00e1mogat\u00e1sa r\u00e9v\u00e9n seg\u00edti el\u0151. 2020-t\u00f3l kezd\u0151d\u0151en az EU kiemelt c\u00e9lja a kl\u00edmav\u00e9delmi c\u00e9lok megval\u00f3s\u00edt\u00e1sa, ez hat\u00e1rozottan megjelenik az uni\u00f3s lakhat\u00e1spolitikai t\u00f6rekv\u00e9sekben is.<\/p>\n<h3 style=\"margin-top: 1em;\">Lakhat\u00e1si probl\u00e9m\u00e1k az Eur\u00f3pai Uni\u00f3ban \u00e9s Magyarorsz\u00e1gon<\/h3>\n<p>Az Eur\u00f3pai Uni\u00f3ban elt\u00e9r\u0151ek a lak\u00e1spolitikai ir\u00e1nyvonalak, t\u00e1mogat\u00e1si rendszerek, \u00e9s ak\u00e1r orsz\u00e1gokon, r\u00e9gi\u00f3kon bel\u00fcl, a k\u00fcl\u00f6nb\u00f6z\u0151 telep\u00fcl\u00e9st\u00edpusok ment\u00e9n is elt\u00e9r\u0151 probl\u00e9m\u00e1k jelentkeznek.<\/p>\n<p>Az Eur\u00f3pai Uni\u00f3 lakoss\u00e1g\u00e1nak t\u00f6bbs\u00e9ge v\u00e1rosias k\u00f6rnyezetben \u00e9l (37,7% v\u00e1rosokban, 33,9% kisv\u00e1rosban vagy el\u0151v\u00e1ros\u00e1ban), Magyarorsz\u00e1gon ez az ar\u00e1ny hasonl\u00f3. M\u00edg azonban az Eur\u00f3pai Uni\u00f3 lakosainak 53,3 sz\u00e1zal\u00e9ka lakik egylak\u00e1sos h\u00e1zban \u00e9s 46 sz\u00e1zal\u00e9ka t\u00f6bblak\u00e1sos lak\u00f3\u00e9p\u00fcletben, addig Magyarorsz\u00e1gon a lakoss\u00e1g t\u00f6bb, mint k\u00e9tharmada (71%) lakik h\u00e1zban, \u00e9s kevesebb, mint 30 sz\u00e1zal\u00e9ka lak\u00e1sban. A keleti &#8211; \u00e9s n\u00e9h\u00e1ny d\u00e9li &#8211; tag\u00e1llam eset\u00e9ben kiemelked\u0151en magas a mag\u00e1ntulajdon ar\u00e1nya, de alacsony a lak\u00e1shitelek szerepe, ami a csal\u00e1di rendszerek (\u00f6r\u00f6kl\u00e9s, t\u00e1mogat\u00e1s) lak\u00e1shoz jut\u00e1sban val\u00f3 fontos szerep\u00e9t is mutatja. A kelet-eur\u00f3pai orsz\u00e1gokban emellett a szoci\u00e1lis b\u00e9rlak\u00e1sszektor ar\u00e1nya alacsony, a rendszerv\u00e1lt\u00e1s ut\u00e1ni privatiz\u00e1ci\u00f3 \u00f3ta.<\/p>\n<p>\u00d6sszess\u00e9g\u00e9ben a n\u00f6vekv\u0151 lak\u00e1s\u00e1rak Eur\u00f3pa-szerte megnehez\u00edtik a megfelel\u0151 lak\u00e1shoz jut\u00e1st, k\u00fcl\u00f6n\u00f6sen a fiatalok \u00e9s az alacsony j\u00f6vedelm\u0171ek k\u00f6r\u00e9ben, \u00e9s n\u00f6velik az elad\u00f3sodotts\u00e1g m\u00e9rt\u00e9k\u00e9t. A magas lak\u00e1sb\u00e9rleti d\u00edjak jelent\u0151s anyagi terhet r\u00f3nak a h\u00e1ztart\u00e1sokra. A megfizethet\u0151s\u00e9gi probl\u00e9m\u00e1k v\u00e9gs\u0151 soron a hajl\u00e9ktalans\u00e1g kock\u00e1zat\u00e1t is n\u00f6velik. A kelet- \u00e9s d\u00e9l-eur\u00f3pai orsz\u00e1gok lak\u00f3i nagyobb ar\u00e1nyban szembes\u00fclnek s\u00falyosabb lak\u00e1smin\u0151s\u00e9gi probl\u00e9m\u00e1kkal, vagy ezzel r\u00e9szben \u00f6sszef\u00fcgg\u00e9sben az energiaszeg\u00e9nys\u00e9ggel. A rossz min\u0151s\u00e9g\u0171, alacsony energiahat\u00e9konys\u00e1g\u00fa lak\u00e1sok nemcsak a h\u00e1ztart\u00e1sok \u00e9letmin\u0151s\u00e9g\u00e9t rontj\u00e1k, hanem negat\u00edv hat\u00e1ssal vannak az emberek (k\u00fcl\u00f6n\u00f6sen a gyermekek \u00e9s az id\u0151sek) fizikai \u00e9s ment\u00e1lis eg\u00e9szs\u00e9gi \u00e1llapot\u00e1ra, valamint magasabb energiafogyaszt\u00e1suk miatt a k\u00f6rnyezetet is terhelik.<\/p>\n<p>Az al\u00e1bbi probl\u00e9m\u00e1kat sorolhatjuk a legjellemz\u0151bbek k\u00f6z\u00e9 az uni\u00f3ban \u00e9s Magyarorsz\u00e1gon:<\/p>\n<h4 style=\"margin-top: 0.8em;\"><strong>Megfizethet\u0151s\u00e9g<\/strong><\/h4>\n<p>A megfizethet\u0151 lak\u00e1sok el\u00e9rhet\u0151s\u00e9ge egyre romlik Eur\u00f3pa-szerte, n\u00f6vekednek a lak\u00e1s\u00e1rak \u00e9s a b\u00e9rleti d\u00edjak. Magyarorsz\u00e1gon 2010 \u00e9s 2020 k\u00f6z\u00f6tt az uni\u00f3ban m\u00e1sodik legnagyobb m\u00e9rt\u00e9kben, 89,7 sz\u00e1zal\u00e9kkal n\u0151tt a lak\u00e1s\u00e1rindex, \u00e9s m\u00e9g az Eurostat adatai szerint is 43,5 sz\u00e1zal\u00e9kos volt a lakb\u00e9rek n\u00f6veked\u00e9se. Ha azonban az alb\u00e9rlet hirdet\u00e9seket vizsg\u00e1ljuk, orsz\u00e1gosan \u00e9s a megyesz\u00e9khelyeken nyolc \u00e9v alatt majdnem 90 sz\u00e1zal\u00e9kkal n\u0151ttek a lakb\u00e9rek, m\u00edg Budapesten k\u00f6zel 130 sz\u00e1zal\u00e9kkal (r\u00e9szletek a Habitat Feketelak\u00e1s 3.0 kiadv\u00e1ny\u00e1ban).[\/et_pb_text][et_pb_text admin_label=&#8221;4 \u00e1bra&#8221; _builder_version=&#8221;4.16&#8243; text_font_size=&#8221;15px&#8221; header_line_height=&#8221;1.1em&#8221; header_2_line_height=&#8221;1.1em&#8221; header_3_font=&#8221;|600||on|||||&#8221; header_3_text_color=&#8221;#385988&#8243; header_3_line_height=&#8221;1.1em&#8221; header_4_text_color=&#8221;#385988&#8243; header_4_line_height=&#8221;1.1em&#8221; width=&#8221;70%&#8221; width_tablet=&#8221;90%&#8221; width_phone=&#8221;100%&#8221; width_last_edited=&#8221;on|tablet&#8221; module_alignment=&#8221;center&#8221; z_index_tablet=&#8221;500&#8243; text_text_shadow_horizontal_length_tablet=&#8221;0px&#8221; text_text_shadow_vertical_length_tablet=&#8221;0px&#8221; text_text_shadow_blur_strength_tablet=&#8221;1px&#8221; link_text_shadow_horizontal_length_tablet=&#8221;0px&#8221; link_text_shadow_vertical_length_tablet=&#8221;0px&#8221; link_text_shadow_blur_strength_tablet=&#8221;1px&#8221; ul_text_shadow_horizontal_length_tablet=&#8221;0px&#8221; ul_text_shadow_vertical_length_tablet=&#8221;0px&#8221; ul_text_shadow_blur_strength_tablet=&#8221;1px&#8221; ol_text_shadow_horizontal_length_tablet=&#8221;0px&#8221; ol_text_shadow_vertical_length_tablet=&#8221;0px&#8221; ol_text_shadow_blur_strength_tablet=&#8221;1px&#8221; quote_text_shadow_horizontal_length_tablet=&#8221;0px&#8221; quote_text_shadow_vertical_length_tablet=&#8221;0px&#8221; quote_text_shadow_blur_strength_tablet=&#8221;1px&#8221; header_text_shadow_horizontal_length_tablet=&#8221;0px&#8221; header_text_shadow_vertical_length_tablet=&#8221;0px&#8221; header_text_shadow_blur_strength_tablet=&#8221;1px&#8221; header_2_text_shadow_horizontal_length_tablet=&#8221;0px&#8221; header_2_text_shadow_vertical_length_tablet=&#8221;0px&#8221; header_2_text_shadow_blur_strength_tablet=&#8221;1px&#8221; header_3_text_shadow_horizontal_length_tablet=&#8221;0px&#8221; header_3_text_shadow_vertical_length_tablet=&#8221;0px&#8221; header_3_text_shadow_blur_strength_tablet=&#8221;1px&#8221; header_4_text_shadow_horizontal_length_tablet=&#8221;0px&#8221; header_4_text_shadow_vertical_length_tablet=&#8221;0px&#8221; header_4_text_shadow_blur_strength_tablet=&#8221;1px&#8221; header_5_text_shadow_horizontal_length_tablet=&#8221;0px&#8221; header_5_text_shadow_vertical_length_tablet=&#8221;0px&#8221; header_5_text_shadow_blur_strength_tablet=&#8221;1px&#8221; header_6_text_shadow_horizontal_length_tablet=&#8221;0px&#8221; header_6_text_shadow_vertical_length_tablet=&#8221;0px&#8221; header_6_text_shadow_blur_strength_tablet=&#8221;1px&#8221; box_shadow_horizontal_tablet=&#8221;0px&#8221; box_shadow_vertical_tablet=&#8221;0px&#8221; box_shadow_blur_tablet=&#8221;40px&#8221; box_shadow_spread_tablet=&#8221;0px&#8221; global_colors_info=&#8221;{}&#8221;]<\/p>\n<div><div class=\"infogram-embed\" data-id=\"_\/m0n3QBVsYdqKMqVS578q\" data-type=\"interactive\"><\/div><script>!function(e,t,s,i){var n=\"InfogramEmbeds\",o=e.getElementsByTagName(\"script\"),d=o[0],r=\/^http:\/.test(e.location)?\"http:\":\"https:\";if(\/^\\\/{2}\/.test(i)&&(i=r+i),window[n]&&window[n].initialized)window[n].process&&window[n].process();else if(!e.getElementById(s)){var a=e.createElement(\"script\");a.async=1,a.id=s,a.src=i,d.parentNode.insertBefore(a,d)}}(document,0,\"infogram-async\",\"\/\/e.infogram.com\/js\/dist\/embed-loader-min.js\");<\/script><\/div>\n<p>[\/et_pb_text][et_pb_text _builder_version=&#8221;4.16&#8243; text_font_size=&#8221;15px&#8221; header_line_height=&#8221;1.1em&#8221; header_2_line_height=&#8221;1.1em&#8221; header_3_font=&#8221;|600||on|||||&#8221; header_3_text_color=&#8221;#385988&#8243; header_3_line_height=&#8221;1.1em&#8221; header_4_text_color=&#8221;#385988&#8243; header_4_line_height=&#8221;1.1em&#8221; z_index_tablet=&#8221;500&#8243; text_text_shadow_horizontal_length_tablet=&#8221;0px&#8221; text_text_shadow_vertical_length_tablet=&#8221;0px&#8221; text_text_shadow_blur_strength_tablet=&#8221;1px&#8221; link_text_shadow_horizontal_length_tablet=&#8221;0px&#8221; link_text_shadow_vertical_length_tablet=&#8221;0px&#8221; link_text_shadow_blur_strength_tablet=&#8221;1px&#8221; ul_text_shadow_horizontal_length_tablet=&#8221;0px&#8221; ul_text_shadow_vertical_length_tablet=&#8221;0px&#8221; ul_text_shadow_blur_strength_tablet=&#8221;1px&#8221; ol_text_shadow_horizontal_length_tablet=&#8221;0px&#8221; ol_text_shadow_vertical_length_tablet=&#8221;0px&#8221; ol_text_shadow_blur_strength_tablet=&#8221;1px&#8221; quote_text_shadow_horizontal_length_tablet=&#8221;0px&#8221; quote_text_shadow_vertical_length_tablet=&#8221;0px&#8221; quote_text_shadow_blur_strength_tablet=&#8221;1px&#8221; header_text_shadow_horizontal_length_tablet=&#8221;0px&#8221; header_text_shadow_vertical_length_tablet=&#8221;0px&#8221; header_text_shadow_blur_strength_tablet=&#8221;1px&#8221; header_2_text_shadow_horizontal_length_tablet=&#8221;0px&#8221; header_2_text_shadow_vertical_length_tablet=&#8221;0px&#8221; header_2_text_shadow_blur_strength_tablet=&#8221;1px&#8221; header_3_text_shadow_horizontal_length_tablet=&#8221;0px&#8221; header_3_text_shadow_vertical_length_tablet=&#8221;0px&#8221; header_3_text_shadow_blur_strength_tablet=&#8221;1px&#8221; header_4_text_shadow_horizontal_length_tablet=&#8221;0px&#8221; header_4_text_shadow_vertical_length_tablet=&#8221;0px&#8221; header_4_text_shadow_blur_strength_tablet=&#8221;1px&#8221; header_5_text_shadow_horizontal_length_tablet=&#8221;0px&#8221; header_5_text_shadow_vertical_length_tablet=&#8221;0px&#8221; header_5_text_shadow_blur_strength_tablet=&#8221;1px&#8221; header_6_text_shadow_horizontal_length_tablet=&#8221;0px&#8221; header_6_text_shadow_vertical_length_tablet=&#8221;0px&#8221; header_6_text_shadow_blur_strength_tablet=&#8221;1px&#8221; box_shadow_horizontal_tablet=&#8221;0px&#8221; box_shadow_vertical_tablet=&#8221;0px&#8221; box_shadow_blur_tablet=&#8221;40px&#8221; box_shadow_spread_tablet=&#8221;0px&#8221; global_colors_info=&#8221;{}&#8221;]<\/p>\n<h4 style=\"margin-top: 0.8em;\"><strong>Az \u00e9p\u00fcletek kora \u00e9s energiafogyaszt\u00e1sa<\/strong><\/h4>\n<p>Az eur\u00f3pai lak\u00f3\u00e9p\u00fcletek fele az els\u0151 \u00e9p\u00fcletenergetikai szab\u00e1lyok bevezet\u00e9se (1970) el\u0151tt \u00e9p\u00fclt, teh\u00e1t ezek energiahat\u00e9konys\u00e1ga jellemz\u0151en alacsonyabb. A kelet-eur\u00f3pai tag\u00e1llamokban r\u00e1ad\u00e1sul az \u00e9p\u00fcletenergetikai szab\u00e1lyoz\u00e1sok k\u00e9s\u0151bb, a rendszerv\u00e1lt\u00e1s \u00e9s az uni\u00f3s csatlakoz\u00e1s ut\u00e1n v\u00e1ltak szigor\u00fabb\u00e1. A magyarorsz\u00e1gi \u00e9p\u00fcletek t\u00f6bb, mint fele 1970 el\u0151tt \u00e9p\u00fclt (l\u00e1sd \u00e1bra). A magyar \u00e9p\u00fclet\u00e1llom\u00e1ny 60 sz\u00e1zal\u00e9k\u00e1t kitev\u0151 csal\u00e1di \u00e9s sorh\u00e1zak 81 sz\u00e1zal\u00e9ka 1990 el\u0151tt \u00e9p\u00fclt, \u00e9s 63 sz\u00e1zal\u00e9kuk nincs szigetelve. \u00d6sszess\u00e9g\u00e9ben a lak\u00e1s\u00e1llom\u00e1ny 70-90 sz\u00e1zal\u00e9ka szorul fel\u00faj\u00edt\u00e1sra.<\/p>\n<p>Magyarorsz\u00e1gon emellett az \u00f6t\u00f6dik legmagasabb a h\u00e1ztart\u00e1sok energiafogyaszt\u00e1sa, az els\u0151dleges energiafelhaszn\u00e1l\u00e1s 40 sz\u00e1zal\u00e9k\u00e1\u00e9rt felel\u0151sek, r\u00e1ad\u00e1sul ez \u2013 a legt\u00f6bb tag\u00e1llamt\u00f3l elt\u00e9r\u0151en \u2013 az elm\u00falt k\u00e9t \u00e9vtizedben jellemz\u0151en nem cs\u00f6kkent.<\/p>\n<p>[\/et_pb_text][\/et_pb_column][\/et_pb_row][et_pb_row column_structure=&#8221;1_2,1_2&#8243; _builder_version=&#8221;4.16&#8243; background_size=&#8221;initial&#8221; background_position=&#8221;top_left&#8221; background_repeat=&#8221;repeat&#8221; custom_margin=&#8221;0px||0px||false|false&#8221; custom_padding=&#8221;10px||0px||false|false&#8221; global_colors_info=&#8221;{}&#8221;][et_pb_column type=&#8221;1_2&#8243; _builder_version=&#8221;4.16&#8243; custom_padding=&#8221;|||&#8221; global_colors_info=&#8221;{}&#8221; custom_padding__hover=&#8221;|||&#8221;][et_pb_text admin_label=&#8221;9-10 \u00e1bra&#8221; _builder_version=&#8221;4.16&#8243; text_font_size=&#8221;15px&#8221; header_line_height=&#8221;1.1em&#8221; header_2_line_height=&#8221;1.1em&#8221; header_3_font=&#8221;|600||on|||||&#8221; header_3_text_color=&#8221;#385988&#8243; header_3_line_height=&#8221;1.1em&#8221; header_4_text_color=&#8221;#385988&#8243; header_4_line_height=&#8221;1.1em&#8221; width=&#8221;100%&#8221; width_tablet=&#8221;100%&#8221; width_phone=&#8221;100%&#8221; width_last_edited=&#8221;on|desktop&#8221; module_alignment=&#8221;center&#8221; z_index_tablet=&#8221;500&#8243; text_text_shadow_horizontal_length_tablet=&#8221;0px&#8221; text_text_shadow_vertical_length_tablet=&#8221;0px&#8221; text_text_shadow_blur_strength_tablet=&#8221;1px&#8221; link_text_shadow_horizontal_length_tablet=&#8221;0px&#8221; link_text_shadow_vertical_length_tablet=&#8221;0px&#8221; link_text_shadow_blur_strength_tablet=&#8221;1px&#8221; ul_text_shadow_horizontal_length_tablet=&#8221;0px&#8221; ul_text_shadow_vertical_length_tablet=&#8221;0px&#8221; ul_text_shadow_blur_strength_tablet=&#8221;1px&#8221; ol_text_shadow_horizontal_length_tablet=&#8221;0px&#8221; ol_text_shadow_vertical_length_tablet=&#8221;0px&#8221; ol_text_shadow_blur_strength_tablet=&#8221;1px&#8221; quote_text_shadow_horizontal_length_tablet=&#8221;0px&#8221; quote_text_shadow_vertical_length_tablet=&#8221;0px&#8221; quote_text_shadow_blur_strength_tablet=&#8221;1px&#8221; header_text_shadow_horizontal_length_tablet=&#8221;0px&#8221; header_text_shadow_vertical_length_tablet=&#8221;0px&#8221; header_text_shadow_blur_strength_tablet=&#8221;1px&#8221; header_2_text_shadow_horizontal_length_tablet=&#8221;0px&#8221; header_2_text_shadow_vertical_length_tablet=&#8221;0px&#8221; header_2_text_shadow_blur_strength_tablet=&#8221;1px&#8221; header_3_text_shadow_horizontal_length_tablet=&#8221;0px&#8221; header_3_text_shadow_vertical_length_tablet=&#8221;0px&#8221; header_3_text_shadow_blur_strength_tablet=&#8221;1px&#8221; header_4_text_shadow_horizontal_length_tablet=&#8221;0px&#8221; header_4_text_shadow_vertical_length_tablet=&#8221;0px&#8221; header_4_text_shadow_blur_strength_tablet=&#8221;1px&#8221; header_5_text_shadow_horizontal_length_tablet=&#8221;0px&#8221; header_5_text_shadow_vertical_length_tablet=&#8221;0px&#8221; header_5_text_shadow_blur_strength_tablet=&#8221;1px&#8221; header_6_text_shadow_horizontal_length_tablet=&#8221;0px&#8221; header_6_text_shadow_vertical_length_tablet=&#8221;0px&#8221; header_6_text_shadow_blur_strength_tablet=&#8221;1px&#8221; box_shadow_horizontal_tablet=&#8221;0px&#8221; box_shadow_vertical_tablet=&#8221;0px&#8221; box_shadow_blur_tablet=&#8221;40px&#8221; box_shadow_spread_tablet=&#8221;0px&#8221; global_colors_info=&#8221;{}&#8221;]<\/p>\n<div><div class=\"infogram-embed\" data-id=\"_\/e1DGwzPQWggvZ5Roj14f\" data-type=\"interactive\"><\/div><script>!function(e,t,s,i){var n=\"InfogramEmbeds\",o=e.getElementsByTagName(\"script\"),d=o[0],r=\/^http:\/.test(e.location)?\"http:\":\"https:\";if(\/^\\\/{2}\/.test(i)&&(i=r+i),window[n]&&window[n].initialized)window[n].process&&window[n].process();else if(!e.getElementById(s)){var a=e.createElement(\"script\");a.async=1,a.id=s,a.src=i,d.parentNode.insertBefore(a,d)}}(document,0,\"infogram-async\",\"\/\/e.infogram.com\/js\/dist\/embed-loader-min.js\");<\/script><\/div>\n<p>[\/et_pb_text][\/et_pb_column][et_pb_column type=&#8221;1_2&#8243; _builder_version=&#8221;4.16&#8243; custom_padding=&#8221;|||&#8221; global_colors_info=&#8221;{}&#8221; custom_padding__hover=&#8221;|||&#8221;][et_pb_text admin_label=&#8221;9-10 \u00e1bra&#8221; _builder_version=&#8221;4.16&#8243; text_font_size=&#8221;15px&#8221; header_line_height=&#8221;1.1em&#8221; header_2_line_height=&#8221;1.1em&#8221; header_3_font=&#8221;|600||on|||||&#8221; header_3_text_color=&#8221;#385988&#8243; header_3_line_height=&#8221;1.1em&#8221; header_4_text_color=&#8221;#385988&#8243; header_4_line_height=&#8221;1.1em&#8221; width=&#8221;100%&#8221; width_tablet=&#8221;100%&#8221; width_phone=&#8221;100%&#8221; width_last_edited=&#8221;on|desktop&#8221; module_alignment=&#8221;center&#8221; z_index_tablet=&#8221;500&#8243; text_text_shadow_horizontal_length_tablet=&#8221;0px&#8221; text_text_shadow_vertical_length_tablet=&#8221;0px&#8221; text_text_shadow_blur_strength_tablet=&#8221;1px&#8221; link_text_shadow_horizontal_length_tablet=&#8221;0px&#8221; link_text_shadow_vertical_length_tablet=&#8221;0px&#8221; link_text_shadow_blur_strength_tablet=&#8221;1px&#8221; ul_text_shadow_horizontal_length_tablet=&#8221;0px&#8221; ul_text_shadow_vertical_length_tablet=&#8221;0px&#8221; ul_text_shadow_blur_strength_tablet=&#8221;1px&#8221; ol_text_shadow_horizontal_length_tablet=&#8221;0px&#8221; ol_text_shadow_vertical_length_tablet=&#8221;0px&#8221; ol_text_shadow_blur_strength_tablet=&#8221;1px&#8221; quote_text_shadow_horizontal_length_tablet=&#8221;0px&#8221; quote_text_shadow_vertical_length_tablet=&#8221;0px&#8221; quote_text_shadow_blur_strength_tablet=&#8221;1px&#8221; header_text_shadow_horizontal_length_tablet=&#8221;0px&#8221; header_text_shadow_vertical_length_tablet=&#8221;0px&#8221; header_text_shadow_blur_strength_tablet=&#8221;1px&#8221; header_2_text_shadow_horizontal_length_tablet=&#8221;0px&#8221; header_2_text_shadow_vertical_length_tablet=&#8221;0px&#8221; header_2_text_shadow_blur_strength_tablet=&#8221;1px&#8221; header_3_text_shadow_horizontal_length_tablet=&#8221;0px&#8221; header_3_text_shadow_vertical_length_tablet=&#8221;0px&#8221; header_3_text_shadow_blur_strength_tablet=&#8221;1px&#8221; header_4_text_shadow_horizontal_length_tablet=&#8221;0px&#8221; header_4_text_shadow_vertical_length_tablet=&#8221;0px&#8221; header_4_text_shadow_blur_strength_tablet=&#8221;1px&#8221; header_5_text_shadow_horizontal_length_tablet=&#8221;0px&#8221; header_5_text_shadow_vertical_length_tablet=&#8221;0px&#8221; header_5_text_shadow_blur_strength_tablet=&#8221;1px&#8221; header_6_text_shadow_horizontal_length_tablet=&#8221;0px&#8221; header_6_text_shadow_vertical_length_tablet=&#8221;0px&#8221; header_6_text_shadow_blur_strength_tablet=&#8221;1px&#8221; box_shadow_horizontal_tablet=&#8221;0px&#8221; box_shadow_vertical_tablet=&#8221;0px&#8221; box_shadow_blur_tablet=&#8221;40px&#8221; box_shadow_spread_tablet=&#8221;0px&#8221; global_colors_info=&#8221;{}&#8221;]<\/p>\n<div><div class=\"infogram-embed\" data-id=\"_\/0BpAbkBR1vLqcczbLS0x\" data-type=\"interactive\"><\/div><script>!function(e,t,s,i){var n=\"InfogramEmbeds\",o=e.getElementsByTagName(\"script\"),d=o[0],r=\/^http:\/.test(e.location)?\"http:\":\"https:\";if(\/^\\\/{2}\/.test(i)&&(i=r+i),window[n]&&window[n].initialized)window[n].process&&window[n].process();else if(!e.getElementById(s)){var a=e.createElement(\"script\");a.async=1,a.id=s,a.src=i,d.parentNode.insertBefore(a,d)}}(document,0,\"infogram-async\",\"\/\/e.infogram.com\/js\/dist\/embed-loader-min.js\");<\/script><\/div>\n<p>[\/et_pb_text][\/et_pb_column][\/et_pb_row][et_pb_row _builder_version=&#8221;4.16&#8243; background_size=&#8221;initial&#8221; background_position=&#8221;top_left&#8221; background_repeat=&#8221;repeat&#8221; custom_margin=&#8221;0px||0px||false|false&#8221; custom_padding=&#8221;0px||0px||false|false&#8221; global_colors_info=&#8221;{}&#8221;][et_pb_column type=&#8221;4_4&#8243; _builder_version=&#8221;4.16&#8243; custom_padding=&#8221;|||&#8221; global_colors_info=&#8221;{}&#8221; custom_padding__hover=&#8221;|||&#8221;][et_pb_text _builder_version=&#8221;4.16&#8243; text_font_size=&#8221;15px&#8221; header_line_height=&#8221;1.1em&#8221; header_2_line_height=&#8221;1.1em&#8221; header_3_font=&#8221;|600||on|||||&#8221; header_3_text_color=&#8221;#385988&#8243; header_3_line_height=&#8221;1.1em&#8221; header_4_text_color=&#8221;#385988&#8243; header_4_line_height=&#8221;1.1em&#8221; z_index_tablet=&#8221;500&#8243; text_text_shadow_horizontal_length_tablet=&#8221;0px&#8221; text_text_shadow_vertical_length_tablet=&#8221;0px&#8221; text_text_shadow_blur_strength_tablet=&#8221;1px&#8221; link_text_shadow_horizontal_length_tablet=&#8221;0px&#8221; link_text_shadow_vertical_length_tablet=&#8221;0px&#8221; link_text_shadow_blur_strength_tablet=&#8221;1px&#8221; ul_text_shadow_horizontal_length_tablet=&#8221;0px&#8221; ul_text_shadow_vertical_length_tablet=&#8221;0px&#8221; ul_text_shadow_blur_strength_tablet=&#8221;1px&#8221; ol_text_shadow_horizontal_length_tablet=&#8221;0px&#8221; ol_text_shadow_vertical_length_tablet=&#8221;0px&#8221; ol_text_shadow_blur_strength_tablet=&#8221;1px&#8221; quote_text_shadow_horizontal_length_tablet=&#8221;0px&#8221; quote_text_shadow_vertical_length_tablet=&#8221;0px&#8221; quote_text_shadow_blur_strength_tablet=&#8221;1px&#8221; header_text_shadow_horizontal_length_tablet=&#8221;0px&#8221; header_text_shadow_vertical_length_tablet=&#8221;0px&#8221; header_text_shadow_blur_strength_tablet=&#8221;1px&#8221; header_2_text_shadow_horizontal_length_tablet=&#8221;0px&#8221; header_2_text_shadow_vertical_length_tablet=&#8221;0px&#8221; header_2_text_shadow_blur_strength_tablet=&#8221;1px&#8221; header_3_text_shadow_horizontal_length_tablet=&#8221;0px&#8221; header_3_text_shadow_vertical_length_tablet=&#8221;0px&#8221; header_3_text_shadow_blur_strength_tablet=&#8221;1px&#8221; header_4_text_shadow_horizontal_length_tablet=&#8221;0px&#8221; header_4_text_shadow_vertical_length_tablet=&#8221;0px&#8221; header_4_text_shadow_blur_strength_tablet=&#8221;1px&#8221; header_5_text_shadow_horizontal_length_tablet=&#8221;0px&#8221; header_5_text_shadow_vertical_length_tablet=&#8221;0px&#8221; header_5_text_shadow_blur_strength_tablet=&#8221;1px&#8221; header_6_text_shadow_horizontal_length_tablet=&#8221;0px&#8221; header_6_text_shadow_vertical_length_tablet=&#8221;0px&#8221; header_6_text_shadow_blur_strength_tablet=&#8221;1px&#8221; box_shadow_horizontal_tablet=&#8221;0px&#8221; box_shadow_vertical_tablet=&#8221;0px&#8221; box_shadow_blur_tablet=&#8221;40px&#8221; box_shadow_spread_tablet=&#8221;0px&#8221; global_colors_info=&#8221;{}&#8221;]<\/p>\n<h4 style=\"margin-top: 0.8em;\"><strong>Energiaszeg\u00e9nys\u00e9g<\/strong><\/h4>\n<p>Az EU keleti \u00e9s d\u00e9li tag\u00e1llamaiban okoz a legnagyobb probl\u00e9m\u00e1t az energiaszeg\u00e9nys\u00e9g \u00e9s az annak val\u00f3 kitetts\u00e9g, Magyarorsz\u00e1gon a h\u00e1ztart\u00e1sok mintegy 10 sz\u00e1zal\u00e9ka mindenk\u00e9ppen \u00e9rintett. A lakoss\u00e1g 8,5 sz\u00e1zal\u00e9ka k\u00f6lt j\u00f6vedelme 25 sz\u00e1zal\u00e9k\u00e1n\u00e1l t\u00f6bbet energi\u00e1ra, m\u00edg a h\u00e1ztart\u00e1sok t\u00f6bb, mint 10 sz\u00e1zal\u00e9ka halmozott fel rezsih\u00e1tral\u00e9kot 2019-ben. Ez az \u00e9rt\u00e9k az alacsony j\u00f6vedelm\u0171ek k\u00f6r\u00e9ben m\u00e1r 22 sz\u00e1zal\u00e9k, a gyermeket egyed\u00fcl nevel\u0151k k\u00f6z\u00f6tt pedig 38,2 sz\u00e1zal\u00e9k. Emellett pedig a jellemz\u0151en az alacsonyabb j\u00f6vedelm\u0171ek \u00e1ltal haszn\u00e1lt fa \u00e1ra t\u00f6bb, mint egy \u00e9vtizede folyamatosan n\u00f6vekszik (r\u00e9szletek a Habitat 2020-as \u00c9ves jelent\u00e9s\u00e9nek <a href=\"https:\/\/habitat.hu\/sites\/lakhatasi-jelentes-2020\/energiaszegenyseg\/\" target=\"_blank\" rel=\"noopener\">Energiaszeg\u00e9nys\u00e9g fejezet\u00e9ben<\/a> \u00e9s az <a href=\"https:\/\/www.elosztoprojekt.hu\/\" target=\"_blank\" rel=\"noopener\">Eloszt\u00f3 oldal\u00e1n<\/a>.)<\/p>\n<h4 style=\"margin-top: 0.8em;\"><strong>Lak\u00e1smin\u0151s\u00e9g<\/strong><\/h4>\n<p>Az elavult \u00e9p\u00fclet\u00e1llom\u00e1ny \u2013 a be\u00e1z\u00f3, vizesed\u0151, pen\u00e9szes, s\u00f6t\u00e9t, f\u00fcrd\u0151szoba \u00e9s wc n\u00e9lk\u00fcli vagy t\u00falzs\u00fafolt lak\u00e1sok \u2013 a fokozott energiaig\u00e9ny mellett tov\u00e1bbi negat\u00edv k\u00f6vetkezm\u00e9nyekkel j\u00e1rnak (pl. eg\u00e9szs\u00e9g\u00fcgyi kock\u00e1zatok). A lakhat\u00e1si depriv\u00e1ci\u00f3 k\u00fcl\u00f6nb\u00f6z\u0151 form\u00e1i az EU-ban \u00e1tlagosan a n\u00e9pess\u00e9g 12 sz\u00e1zal\u00e9k\u00e1t \u00e9rintik, Magyarorsz\u00e1gon azonban a teljes n\u00e9pess\u00e9g k\u00f6r\u00e9ben ez az ar\u00e1ny 1,7-szer, a gyermekek k\u00f6r\u00e9ben pedig k\u00e9tszer olyan magas.<\/p>\n<h4 style=\"margin-top: 0.8em;\"><strong>Szegreg\u00e1ci\u00f3<\/strong><\/h4>\n<p>A lakhat\u00e1si szegreg\u00e1ci\u00f3 a nyugat- \u00e9s \u00e9szak-eur\u00f3pai tag\u00e1llamokban f\u0151k\u00e9nt v\u00e1rosi probl\u00e9ma, Kelet- \u00e9s D\u00e9l-Eur\u00f3p\u00e1ban azonban a t\u00e1rsadalmi kirekesztetts\u00e9gnek kitett emberek ink\u00e1bb vid\u00e9ki, perif\u00e9rikus ter\u00fcleteken \u00e9lnek. Magyarorsz\u00e1gon 709 telep\u00fcl\u00e9sen, 1384 szegreg\u00e1tumban \u00e9l a n\u00e9pess\u00e9g 2,8 sz\u00e1zal\u00e9ka, azaz 276 244 f\u0151, 30 sz\u00e1zal\u00e9kuk gyermek. A szegr\u00e1ci\u00f3 \u00e1ltal \u00e9rintett telep\u00fcl\u00e9sek t\u00f6bb, mint fele falu.<\/p>\n<h4 style=\"margin-top: 0.8em;\"><strong>Hajl\u00e9ktalans\u00e1g<\/strong><\/h4>\n<p>Az Eur\u00f3pai Uni\u00f3ban \u00e9vente 4,1 milli\u00f3 embert \u00e9rinthet a hajl\u00e9ktalans\u00e1g, az elm\u00falt \u00e9vtizedben pedig Finnorsz\u00e1g kiv\u00e9tel\u00e9vel gyakorlatilag minden tag\u00e1llamban n\u0151tt a hajl\u00e9ktalan emberek sz\u00e1ma. Magyarorsz\u00e1gon a 2020. \u00e9vi hajl\u00e9ktalan-adatfelv\u00e9tel alapj\u00e1n mintegy 15 ezerre becs\u00fclt\u00e9k hajl\u00e9ktalan helyzetben l\u00e9v\u0151 emberek sz\u00e1m\u00e1t, ebbe nem sz\u00e1m\u00edtj\u00e1k bele az \u00e1tmeneti otthonban \u00e9s a bizonytalan k\u00f6r\u00fclm\u00e9nyek k\u00f6z\u00f6tt, sz\u00edvess\u00e9gi alapon lak\u00f3kat.<\/p>\n<h3 style=\"margin-top: 1em;\">Az Eur\u00f3pai Uni\u00f3 lakhat\u00e1ssal kapcsolatos szakpolitik\u00e1i<\/h3>\n<p>Az EU szakpolitik\u00e1i k\u00f6z\u00fcl els\u0151sorban a szoci\u00e1lis \u00fcgyekre \u00e9s a t\u00e1rsadalmi befogad\u00e1sra, a region\u00e1lis- \u00e9s v\u00e1rospolitik\u00e1ra, valamint az energia- \u00e9s kl\u00edmapolitik\u00e1ra ir\u00e1nyul\u00f3k hatnak k\u00f6zvetve vagy k\u00f6zvetlen\u00fcl a lakhat\u00e1sra.<\/p>\n<p>A <a href=\"https:\/\/ec.europa.eu\/info\/strategy\/priorities-2019-2024\/economy-works-people\/jobs-growth-and-investment\/european-pillar-social-rights_hu\" target=\"_blank\" rel=\"noopener\">Szoci\u00e1lis jogok eur\u00f3pai pill\u00e9r\u00e9nek<\/a> h\u00fasz alapelve k\u00f6z\u00fcl a lakhat\u00e1sra vonatkoz\u00f3 r\u00f6gz\u00edti a r\u00e1szorul\u00f3k sz\u00e1m\u00e1ra szoci\u00e1lis lakhat\u00e1shoz val\u00f3 hozz\u00e1f\u00e9r\u00e9s vagy lakhat\u00e1si t\u00e1mogat\u00e1s biztos\u00edt\u00e1s\u00e1t, a k\u00e9nyszer-kilakoltat\u00e1ssal szembeni megfelel\u0151 seg\u00edts\u00e9gny\u00fajt\u00e1st \u00e9s v\u00e9delmet, valamint a hajl\u00e9ktalan emberek sz\u00e1m\u00e1ra mened\u00e9khely \u00e9s szolg\u00e1ltat\u00e1sok biztos\u00edt\u00e1s\u00e1t. Ennek \u00e9rdek\u00e9ben 2020 j\u00fanius\u00e1ban megkezdte m\u0171k\u00f6d\u00e9s\u00e9t a hajl\u00e9ktalans\u00e1g elleni k\u00fczdelem eur\u00f3pai platformja, amelynek c\u00e9lja, hogy 2030-ra megsz\u00fcntess\u00e9k a hajl\u00e9ktalans\u00e1got Eur\u00f3p\u00e1ban.<\/p>\n<p>Az EU region\u00e1lis- \u00e9s v\u00e1rospolitik\u00e1j\u00e1nak keret\u00e9ben \u2013 a T\u00f6bb\u00e9ves p\u00e9nz\u00fcgyi keret forr\u00e1sain kereszt\u00fcl, \u2013 c\u00e9lzott t\u00e1mogat\u00e1st biztos\u00edtanak a leromlott v\u00e1rosi, illetve leszakad\u00f3 vagy szegreg\u00e1ci\u00f3 \u00e1ltal s\u00fajtott ter\u00fcleteken \u00e9l\u0151k helyzet\u00e9nek jav\u00edt\u00e1s\u00e1ra. Tov\u00e1bb\u00e1 infrastruktur\u00e1lis (pl. lakhat\u00e1si \u00e9s \u00e9p\u00fcletenergetikai beruh\u00e1z\u00e1sok), illetve szoci\u00e1lis elemeket \u00f6tv\u00f6z\u0151, komplex programok indulnak a marginaliz\u00e1lt csoportok, p\u00e9ld\u00e1ul szegreg\u00e1tumban \u00e9l\u0151k megseg\u00edt\u00e9s\u00e9re.<br \/>Az EU energia\u00fcgyi szakpolitik\u00e1i egyr\u00e9szt t\u00e1mogatj\u00e1k az \u00e9p\u00fcletek energiahat\u00e9kony fel\u00faj\u00edt\u00e1s\u00e1t, illetve a meg\u00fajul\u00f3 energiaforr\u00e1sok lakoss\u00e1gi hozz\u00e1f\u00e9r\u00e9snek n\u00f6vel\u00e9s\u00e9t, m\u00e1sr\u00e9szt az energiaszeg\u00e9nys\u00e9gben \u00e9l\u0151k helyzet\u00e9nek jav\u00edt\u00e1s\u00e1ra, \u00e9s a kiszolg\u00e1ltatott helyzetben l\u00e9v\u0151 fogyaszt\u00f3k v\u00e9delm\u00e9re \u00f6szt\u00f6nzik a tag\u00e1llamokat. Ez els\u0151sorban k\u00e9t szakpolitikai eszk\u00f6z seg\u00edts\u00e9g\u00e9vel teszik.<\/p>\n<h4 style=\"margin-top: 0.8em;\"><a href=\"https:\/\/ec.europa.eu\/commission\/presscorner\/detail\/hu\/IP_16_4009\" target=\"_blank\" rel=\"noopener\">\u201eTiszta energi\u00e1t minden eur\u00f3painak\u201d<\/a> csomag<\/h4>\n<p>Ez az EU legfontosabb energia jogszab\u00e1ly-csomagja, ami a tiszta energia\u00e1t\u00e1ll\u00e1st k\u00edv\u00e1nja \u00fagy el\u0151seg\u00edteni, hogy meg\u0151rizze az uni\u00f3s energiapiac versenyk\u00e9pess\u00e9g\u00e9t. A r\u00e9sz\u00e9t k\u00e9pez\u0151 <a href=\"https:\/\/eur-lex.europa.eu\/legal-content\/EN\/TXT\/?uri=uriserv:OJ.L_.2018.328.01.0210.01.ENG&amp;toc=OJ:L:2018:328:TOC\" target=\"_blank\" rel=\"noopener\">Energiahat\u00e9konys\u00e1gi<\/a>, illetve <a href=\"https:\/\/eur-lex.europa.eu\/legal-content\/HU\/TXT\/PDF\/?uri=CELEX:32018L0844&amp;from=EN\" target=\"_blank\" rel=\"noopener\">\u00c9p\u00fcletek energiahat\u00e9konys\u00e1g\u00e1r\u00f3l<\/a> sz\u00f3l\u00f3 rendeletek jelent\u0151s m\u00e9rt\u00e9kben hozz\u00e1j\u00e1rultak az \u00faj\u00e9p\u00edt\u00e9s\u0171 lak\u00e1sok energiahat\u00e9konys\u00e1g\u00e1nak n\u00f6vel\u00e9s\u00e9hez, illetve a megl\u00e9v\u0151 \u00e9p\u00fcletek fel\u00faj\u00edt\u00e1s\u00e1ra \u00f6szt\u00f6nzik a tag\u00e1llamokat. Keret\u00e9ben a tag\u00e1llamoknak <a href=\"https:\/\/ec.europa.eu\/info\/energy-climate-change-environment\/implementation-eu-countries\/energy-and-climate-governance-and-reporting\/national-energy-and-climate-plans_hu\" target=\"_blank\" rel=\"noopener\">Nemzeti Energia \u00e9s Kl\u00edmatervet<\/a> (NEKT) kell k\u00e9sz\u00edteni\u00fck, amelyben bemutatj\u00e1k, milyen c\u00e9lkit\u0171z\u00e9sekkel j\u00e1rulnak hozz\u00e1 az EU-s kl\u00edmac\u00e9lokhoz, \u00e9s ezeket milyen szakpolitik\u00e1k ment\u00e9n fogj\u00e1k megval\u00f3s\u00edtani. \u00cdgy az uni\u00f3s jogszab\u00e1lyelemek gyakorlati \u00e9rv\u00e9nyes\u00fcl\u00e9se nagy m\u00e9rt\u00e9kben m\u00falik a tag\u00e1llamokon.<\/p>\n<h4 style=\"margin-top: 0.8em;\"><a href=\"https:\/\/ec.europa.eu\/info\/strategy\/priorities-2019-2024\/european-green-deal_hu\" target=\"_blank\" rel=\"noopener\">Eur\u00f3pai Z\u00f6ld Meg\u00e1llapod\u00e1s<\/a><\/h4>\n<p>Az EU komplex kl\u00edmapolitikai csomagja, ami az EU gazdas\u00e1g\u00e1t modern, er\u0151forr\u00e1s-hat\u00e9kony \u00e9s versenyk\u00e9pes gazdas\u00e1gg\u00e1 k\u00edv\u00e1nja \u00e1talak\u00edtani, \u00fagy, hogy 2050-re az \u00fcvegh\u00e1zhat\u00e1s\u00fa g\u00e1zok kibocs\u00e1t\u00e1s\u00e1nak m\u00e9rt\u00e9ke nett\u00f3 null\u00e1ra cs\u00f6kkenjen, \u00e9s a gazdas\u00e1gi n\u00f6veked\u00e9s f\u00fcggetlenn\u00e9 v\u00e1ljon az er\u0151forr\u00e1s-felhaszn\u00e1l\u00e1st\u00f3l, az \u00e1talakul\u00e1s sor\u00e1n az egy\u00e9nek \u00e9s t\u00e9rs\u00e9gek szintj\u00e9n keletkez\u0151 vesztes\u00e9geket korl\u00e1tok k\u00f6z\u00f6tt tartva.<\/p>\n<p>R\u00e9sze a <a href=\"https:\/\/ec.europa.eu\/commission\/presscorner\/detail\/hu\/IP_20_1835\" target=\"_blank\" rel=\"noopener\">Fel\u00faj\u00edt\u00e1si Hull\u00e1m<\/a> strat\u00e9gia, melynek c\u00e9lja az \u00e9p\u00fcletfel\u00faj\u00edt\u00e1si ar\u00e1ny megdupl\u00e1z\u00e1sa, a kibocs\u00e1t\u00e1sok cs\u00f6kkent\u00e9se, a helyre\u00e1ll\u00edt\u00e1s el\u0151mozd\u00edt\u00e1sa \u00e9s az energiaszeg\u00e9nys\u00e9g m\u00e9rs\u00e9kl\u00e9se \u00e9rdek\u00e9ben. A Fel\u00faj\u00edt\u00e1si Hull\u00e1m t\u00f6bbek k\u00f6z\u00f6tt j\u00f3l c\u00e9lzott finansz\u00edroz\u00e1si forr\u00e1sokat k\u00edv\u00e1n biztos\u00edtani az energiahat\u00e9kony fel\u00faj\u00edt\u00e1soknak az EU-s t\u00f6bb\u00e9ves p\u00e9nz\u00fcgyi keret forr\u00e1sai, valamint a <a href=\"https:\/\/ec.europa.eu\/info\/strategy\/recovery-plan-europe_en\" target=\"_blank\" rel=\"noopener\">Next Generation EU<\/a> \u201eRenovate\u201d \u00e9s \u201ePower Up\u201d kiemelt kezdem\u00e9nyez\u00e9sei r\u00e9v\u00e9n.<\/p>\n<p>A c\u00e9lkit\u0171z\u00e9sek megval\u00f3s\u00edt\u00e1sa \u00e9rdek\u00e9ben az Eur\u00f3pai Bizotts\u00e1g 2021 nyar\u00e1n elfogadott <a href=\"https:\/\/eur-lex.europa.eu\/legal-content\/HU\/TXT\/HTML\/?uri=CELEX:52021DC0550&amp;from=EN\" target=\"_blank\" rel=\"noopener\">\u2019Fit for 55\u2019<\/a> nev\u0171 javaslatcsomagja 2030-ra az 1990-es szinthez k\u00e9pest 55 sz\u00e1zal\u00e9kkal k\u00edv\u00e1nja cs\u00f6kkenteni az \u00fcvegh\u00e1zhat\u00e1s\u00fa g\u00e1zok kibocs\u00e1t\u00e1s\u00e1t az EU m\u00e1r l\u00e9tez\u0151 <a href=\"https:\/\/ec.europa.eu\/clima\/policies\/ets_hu\" target=\"_blank\" rel=\"noopener\">kibocs\u00e1t\u00e1skereskedelmi rendszer\u00e9nek<\/a> kiterjeszt\u00e9s\u00e9vel \u00e9s a hat\u00e1r\u00e9rt\u00e9kek cs\u00f6kkent\u00e9s\u00e9vel. \u00cdgy az \u00e9p\u00fcletek kibocs\u00e1t\u00e1snak szab\u00e1lyoz\u00e1sa is e rendszer keret\u00e9ben fog t\u00f6rt\u00e9nni. Emellett pedig a javaslatcsomag n\u00f6veli a meg\u00fajul\u00f3 energi\u00e1ra \u00e9s energiahat\u00e9konys\u00e1gra vonatkoz\u00f3 c\u00e9lsz\u00e1mokat.<\/p>\n<p>Felismerve a lakhat\u00e1si neh\u00e9zs\u00e9gek s\u00falyoss\u00e1g\u00e1t, l\u00e9teznek azonban olyan ir\u00e1nyba mutat\u00f3 kezdem\u00e9nyez\u00e9sek is, hogy az Eur\u00f3pai Uni\u00f3nak hat\u00e1rozottabban kellene fell\u00e9pni a lakhat\u00e1si probl\u00e9m\u00e1k megold\u00e1sa \u00e9rdek\u00e9ben, egyel\u0151re viszont a Bizotts\u00e1g r\u00e9sz\u00e9r\u0151l nem l\u00e1tszik sz\u00e1nd\u00e9k arra, hogy lakhat\u00e1s ter\u00fclet\u00e9n b\u0151v\u00edtse hat\u00e1sk\u00f6r\u00e9t. Ugyanakkor az Eur\u00f3pai Uni\u00f3 t\u00f6bb olyan szakmai szervezetet \u00e9s egy\u00fcttm\u0171k\u00f6d\u00e9st is t\u00e1mogat, amelyek hat\u00e1ssal lehetnek a tag\u00e1llamok lakhat\u00e1ssal \u00f6sszef\u00fcgg\u0151 szakpolitikai gyakorlataira.<\/p>\n<h3 style=\"margin-top: 1em;\">P\u00e9nz\u00fcgyi t\u00e1mogat\u00e1sok<\/h3>\n<p>A legt\u00f6bb lakhat\u00e1ssal szorosan \u00f6sszef\u00fcgg\u0151 szakpolitikai c\u00e9lkit\u0171z\u00e9snek jelenleg nincsen jogi \u00faton kik\u00e9nyszer\u00edthet\u0151 eleme, ez\u00e9rt a szakpolitikai koordin\u00e1ci\u00f3 mellett ezeken a ter\u00fcleten az egyik legfontosabb eszk\u00f6z a p\u00e9nz\u00fcgyi t\u00e1mogat\u00e1sok ny\u00fajt\u00e1sa. Ezeket f\u0151k\u00e9nt a T\u00f6bb\u00e9ves p\u00e9nz\u00fcgyi kereten kereszt\u00fcl osztj\u00e1k el, meghat\u00e1rozott elvek ment\u00e9n, 7 \u00e9ves peri\u00f3dusokra. Az er\u0151s kl\u00edmac\u00e9lok el\u00e9r\u00e9se \u00e9rdek\u00e9ben az \u00e9p\u00fcletek energiahat\u00e9kony fel\u00faj\u00edt\u00e1s\u00e1ra v\u00e1rhat\u00f3an a kor\u00e1bbin\u00e1l jelent\u0151sebb forr\u00e1sok \u00e1llnak 2021-t\u0151l a tag\u00e1llamok rendelkez\u00e9s\u00e9re.<\/p>\n<h4 style=\"margin-top: 0.8em;\"><a href=\"https:\/\/www.consilium.europa.eu\/en\/press\/press-releases\/2020\/12\/17\/multiannual-financial-framework-for-2021-2027-adopted\/\" target=\"_blank\" rel=\"noopener\">T\u00f6bb\u00e9ves P\u00e9nz\u00fcgyi Keret 2021-2027<\/a><\/h4>\n<p>A t\u00f6bb, mint 1200 milli\u00e1rd eur\u00f3s p\u00e9nz\u00fcgyi keret 76 sz\u00e1zal\u00e9ka <a href=\"https:\/\/ec.europa.eu\/info\/funding-tenders\/funding-opportunities\/funding-programmes\/overview-funding-programmes\/european-structural-and-investment-funds_hu\" target=\"_blank\" rel=\"noopener\">\u00f6t struktur\u00e1lis \u00e9s befektet\u00e9si alapon<\/a> kereszt\u00fcl, a tag\u00e1llamok pedig <a href=\"https:\/\/ec.europa.eu\/regional_policy\/hu\/policy\/what\/glossary\/o\/operational-programme\" target=\"_blank\" rel=\"noopener\">operat\u00edv programjaikban<\/a> hat\u00e1rozz\u00e1k meg, hogyan tervezik elk\u00f6lteni a 7 \u00e9ves id\u0151szak alatt az orsz\u00e1gba \u00e9rkez\u0151 forr\u00e1sokat. Az \u00f6t alap k\u00f6z\u00fcl a lakhat\u00e1s szempontj\u00e1b\u00f3l <a href=\"https:\/\/ec.europa.eu\/info\/funding-tenders\/find-funding\/eu-funding-programmes\/european-regional-development-fund-erdf_en\" target=\"_blank\" rel=\"noopener\">Eur\u00f3pai Region\u00e1lis Fejleszt\u00e9si Alap (ERFA)<\/a> \u00e9s az <a href=\"https:\/\/ec.europa.eu\/esf\/main.jsp?catId=35&amp;langId=hu\" target=\"_blank\" rel=\"noopener\">Eur\u00f3pai Szoci\u00e1lis Alap (ESZA)<\/a> j\u00e1tszik jelent\u0151s szerepet. Az ERFA els\u0151sorban a lak\u00f3\u00e9p\u00fcletek energiahat\u00e9kony fel\u00faj\u00edt\u00e1s\u00e1n, illetve a marginaliz\u00e1lt k\u00f6r\u00fclm\u00e9nyek k\u00f6z\u00f6tt \u00e9l\u0151k (pl. szegreg\u00e1tumok lak\u00f3i) helyzet\u00e9nek jav\u00edt\u00e1s\u00e1n kereszt\u00fcl j\u00e1rul hozz\u00e1 a lakhat\u00e1shoz. Az ESZA t\u00e1rsadalmi befogad\u00e1sra ford\u00edthat\u00f3 forr\u00e1sait pedig p\u00e9ld\u00e1ul hajl\u00e9ktalan emberek sz\u00e1m\u00e1ra k\u00edn\u00e1lt szolg\u00e1ltat\u00e1sok \u00e9s t\u00e1mogatott lakhat\u00e1si megold\u00e1sok ny\u00fajt\u00e1s\u00e1ra lehet haszn\u00e1lni.<\/p>\n<p>[\/et_pb_text][et_pb_text admin_label=&#8221;20 \u00e1bra&#8221; _builder_version=&#8221;4.16&#8243; text_font_size=&#8221;15px&#8221; header_line_height=&#8221;1.1em&#8221; header_2_line_height=&#8221;1.1em&#8221; header_3_font=&#8221;|600||on|||||&#8221; header_3_text_color=&#8221;#385988&#8243; header_3_line_height=&#8221;1.1em&#8221; header_4_text_color=&#8221;#385988&#8243; header_4_line_height=&#8221;1.1em&#8221; width=&#8221;70%&#8221; width_tablet=&#8221;90%&#8221; width_phone=&#8221;100%&#8221; width_last_edited=&#8221;on|tablet&#8221; module_alignment=&#8221;center&#8221; z_index_tablet=&#8221;500&#8243; text_text_shadow_horizontal_length_tablet=&#8221;0px&#8221; text_text_shadow_vertical_length_tablet=&#8221;0px&#8221; text_text_shadow_blur_strength_tablet=&#8221;1px&#8221; link_text_shadow_horizontal_length_tablet=&#8221;0px&#8221; link_text_shadow_vertical_length_tablet=&#8221;0px&#8221; link_text_shadow_blur_strength_tablet=&#8221;1px&#8221; ul_text_shadow_horizontal_length_tablet=&#8221;0px&#8221; ul_text_shadow_vertical_length_tablet=&#8221;0px&#8221; ul_text_shadow_blur_strength_tablet=&#8221;1px&#8221; ol_text_shadow_horizontal_length_tablet=&#8221;0px&#8221; ol_text_shadow_vertical_length_tablet=&#8221;0px&#8221; ol_text_shadow_blur_strength_tablet=&#8221;1px&#8221; quote_text_shadow_horizontal_length_tablet=&#8221;0px&#8221; quote_text_shadow_vertical_length_tablet=&#8221;0px&#8221; quote_text_shadow_blur_strength_tablet=&#8221;1px&#8221; header_text_shadow_horizontal_length_tablet=&#8221;0px&#8221; header_text_shadow_vertical_length_tablet=&#8221;0px&#8221; header_text_shadow_blur_strength_tablet=&#8221;1px&#8221; header_2_text_shadow_horizontal_length_tablet=&#8221;0px&#8221; header_2_text_shadow_vertical_length_tablet=&#8221;0px&#8221; header_2_text_shadow_blur_strength_tablet=&#8221;1px&#8221; header_3_text_shadow_horizontal_length_tablet=&#8221;0px&#8221; header_3_text_shadow_vertical_length_tablet=&#8221;0px&#8221; header_3_text_shadow_blur_strength_tablet=&#8221;1px&#8221; header_4_text_shadow_horizontal_length_tablet=&#8221;0px&#8221; header_4_text_shadow_vertical_length_tablet=&#8221;0px&#8221; header_4_text_shadow_blur_strength_tablet=&#8221;1px&#8221; header_5_text_shadow_horizontal_length_tablet=&#8221;0px&#8221; header_5_text_shadow_vertical_length_tablet=&#8221;0px&#8221; header_5_text_shadow_blur_strength_tablet=&#8221;1px&#8221; header_6_text_shadow_horizontal_length_tablet=&#8221;0px&#8221; header_6_text_shadow_vertical_length_tablet=&#8221;0px&#8221; header_6_text_shadow_blur_strength_tablet=&#8221;1px&#8221; box_shadow_horizontal_tablet=&#8221;0px&#8221; box_shadow_vertical_tablet=&#8221;0px&#8221; box_shadow_blur_tablet=&#8221;40px&#8221; box_shadow_spread_tablet=&#8221;0px&#8221; global_colors_info=&#8221;{}&#8221;]<\/p>\n<div><div class=\"infogram-embed\" data-id=\"_\/rMTiNH04tKVGbxovYwF5\" data-type=\"interactive\"><\/div><script>!function(e,t,s,i){var n=\"InfogramEmbeds\",o=e.getElementsByTagName(\"script\"),d=o[0],r=\/^http:\/.test(e.location)?\"http:\":\"https:\";if(\/^\\\/{2}\/.test(i)&&(i=r+i),window[n]&&window[n].initialized)window[n].process&&window[n].process();else if(!e.getElementById(s)){var a=e.createElement(\"script\");a.async=1,a.id=s,a.src=i,d.parentNode.insertBefore(a,d)}}(document,0,\"infogram-async\",\"\/\/e.infogram.com\/js\/dist\/embed-loader-min.js\");<\/script><\/div>\n<p>[\/et_pb_text][et_pb_text admin_label=&#8221;Text&#8221; _builder_version=&#8221;4.16&#8243; text_font_size=&#8221;15px&#8221; header_line_height=&#8221;1.1em&#8221; header_2_line_height=&#8221;1.1em&#8221; header_3_font=&#8221;|600||on|||||&#8221; header_3_text_color=&#8221;#385988&#8243; header_3_line_height=&#8221;1.1em&#8221; header_4_text_color=&#8221;#385988&#8243; header_4_line_height=&#8221;1.1em&#8221; z_index_tablet=&#8221;500&#8243; text_text_shadow_horizontal_length_tablet=&#8221;0px&#8221; text_text_shadow_vertical_length_tablet=&#8221;0px&#8221; text_text_shadow_blur_strength_tablet=&#8221;1px&#8221; link_text_shadow_horizontal_length_tablet=&#8221;0px&#8221; link_text_shadow_vertical_length_tablet=&#8221;0px&#8221; link_text_shadow_blur_strength_tablet=&#8221;1px&#8221; ul_text_shadow_horizontal_length_tablet=&#8221;0px&#8221; ul_text_shadow_vertical_length_tablet=&#8221;0px&#8221; ul_text_shadow_blur_strength_tablet=&#8221;1px&#8221; ol_text_shadow_horizontal_length_tablet=&#8221;0px&#8221; ol_text_shadow_vertical_length_tablet=&#8221;0px&#8221; ol_text_shadow_blur_strength_tablet=&#8221;1px&#8221; quote_text_shadow_horizontal_length_tablet=&#8221;0px&#8221; quote_text_shadow_vertical_length_tablet=&#8221;0px&#8221; quote_text_shadow_blur_strength_tablet=&#8221;1px&#8221; header_text_shadow_horizontal_length_tablet=&#8221;0px&#8221; header_text_shadow_vertical_length_tablet=&#8221;0px&#8221; header_text_shadow_blur_strength_tablet=&#8221;1px&#8221; header_2_text_shadow_horizontal_length_tablet=&#8221;0px&#8221; header_2_text_shadow_vertical_length_tablet=&#8221;0px&#8221; header_2_text_shadow_blur_strength_tablet=&#8221;1px&#8221; header_3_text_shadow_horizontal_length_tablet=&#8221;0px&#8221; header_3_text_shadow_vertical_length_tablet=&#8221;0px&#8221; header_3_text_shadow_blur_strength_tablet=&#8221;1px&#8221; header_4_text_shadow_horizontal_length_tablet=&#8221;0px&#8221; header_4_text_shadow_vertical_length_tablet=&#8221;0px&#8221; header_4_text_shadow_blur_strength_tablet=&#8221;1px&#8221; header_5_text_shadow_horizontal_length_tablet=&#8221;0px&#8221; header_5_text_shadow_vertical_length_tablet=&#8221;0px&#8221; header_5_text_shadow_blur_strength_tablet=&#8221;1px&#8221; header_6_text_shadow_horizontal_length_tablet=&#8221;0px&#8221; header_6_text_shadow_vertical_length_tablet=&#8221;0px&#8221; header_6_text_shadow_blur_strength_tablet=&#8221;1px&#8221; box_shadow_horizontal_tablet=&#8221;0px&#8221; box_shadow_vertical_tablet=&#8221;0px&#8221; box_shadow_blur_tablet=&#8221;40px&#8221; box_shadow_spread_tablet=&#8221;0px&#8221; global_colors_info=&#8221;{}&#8221;]<\/p>\n<h4 style=\"margin-top: 0.8em;\"><a href=\"https:\/\/europa.eu\/next-generation-eu\/index_hu\" target=\"_blank\" rel=\"noopener\">NextGenerationEU<\/a><\/h4>\n<p>A NextGenerationEU egy 806,9 milli\u00e1rd eur\u00f3s helyre\u00e1ll\u00edt\u00e1si alap a koronav\u00edrus j\u00e1rv\u00e1ny ut\u00e1ni talpra \u00e1llas, a digit\u00e1lis \u00e9s z\u00f6ld \u00e1talakul\u00e1s, valamint a munkahelyteremt\u00e9s \u00e9rdek\u00e9ben. Legjelent\u0151sebb eleme, a <strong>Helyre\u00e1ll\u00edt\u00e1si \u00e9s Ellen\u00e1ll\u00f3k\u00e9pess\u00e9gi Eszk\u00f6z (RRF)<\/strong> \u00f6sszesen 723 milli\u00e1rd eur\u00f3nyi forr\u00e1st biztos\u00edt, ennek 30 sz\u00e1zal\u00e9k\u00e1t kl\u00edmav\u00e9delemre kell ford\u00edtani. A priorit\u00e1sai k\u00f6z\u00f6tt szerepel tov\u00e1bb\u00e1 p\u00e9ld\u00e1ul az \u00e9p\u00fcletek energiahat\u00e9kony fel\u00faj\u00edt\u00e1sa \u00e9s a meg\u00fajul\u00f3 energiaforr\u00e1sok elterjeszt\u00e9se is.<\/p>\n<p>A tag\u00e1llamok saj\u00e1t Helyre\u00e1ll\u00edt\u00e1si \u00e9s Ellen\u00e1ll\u00f3k\u00e9pess\u00e9gi Terveik, illetve az Eur\u00f3pai Szemeszter orsz\u00e1gspecifikus aj\u00e1nl\u00e1saiban megfogalmazott kih\u00edv\u00e1sokra reag\u00e1lva h\u00edvhatnak le ebb\u0151l t\u00e1mogat\u00e1st a COVID ut\u00e1ni befogad\u00f3 \u00e9s fenntarthat\u00f3 helyre\u00e1ll\u00edt\u00e1st el\u0151seg\u00edt\u0151 projektetek megval\u00f3s\u00edt\u00e1s\u00e1ra. A korm\u00e1nyok egy r\u00e9sze jelent\u0151s lakoss\u00e1gi energiahat\u00e9konys\u00e1gi beruh\u00e1z\u00e1sokat tervez, de t\u00f6bb tag\u00e1llam, k\u00f6zt\u00fck Magyarorsz\u00e1g terveiben is minim\u00e1lis az energiahat\u00e9kony \u00e9p\u00fcletfel\u00faj\u00edt\u00e1sra ford\u00edtott \u00f6sszeg.<\/p>\n<p>A NextGenerationEU tov\u00e1bbi forr\u00e1sai is k\u00f6z\u00e9 tartozik p\u00e9ld\u00e1ul a <strong>M\u00e9lt\u00e1nyos \u00c1t\u00e1ll\u00e1st T\u00e1mogat\u00f3 Alap<\/strong>, ami a kl\u00edmasemleges \u00e1t\u00e1ll\u00e1s \u00e1ltal legink\u00e1bb \u00e9rintett t\u00e9rs\u00e9gek, els\u0151sorban a sz\u00e9nr\u00e9gi\u00f3k sz\u00e1m\u00e1ra ny\u00fajt \u00f6sszesen 17,5 milli\u00e1rd eur\u00f3nyi t\u00e1mogat\u00e1st az \u00e1t\u00e1ll\u00e1s t\u00e1rsadalmi-gazdas\u00e1gi k\u00f6vetkezm\u00e9nyeinek enyh\u00edt\u00e9s\u00e9re. Ennek eszk\u00f6zei lehetnek p\u00e9ld\u00e1ul a lakoss\u00e1gi energiahat\u00e9konys\u00e1gi beruh\u00e1z\u00e1sok is, amelyek cs\u00f6kkentik az \u00e9p\u00fcletek energiaig\u00e9ny\u00e9t, munkahelyet teremtenek, \u00e9s el\u0151seg\u00edthetik a tiszta f\u0171t\u00e9si m\u00f3dokra val\u00f3 \u00e1t\u00e1ll\u00e1st. Az <strong>InvestEU<\/strong> uni\u00f3s k\u00f6lts\u00e9gvet\u00e9si forr\u00e1sb\u00f3l garancialapot biztos\u00edt bizonyos finansz\u00edroz\u00e1si \u00e9s beruh\u00e1z\u00e1si ig\u00e9nyekhez, t\u00f6bbek k\u00f6z\u00f6tt az energiahat\u00e9kony \u00e9p\u00fcletfel\u00faj\u00edt\u00e1shoz, illetve szoci\u00e1lis beruh\u00e1z\u00e1sokon bel\u00fcl megfizethet\u0151, szoci\u00e1lis lakhat\u00e1shoz. V\u00e9g\u00fcl pedig a <strong>LIFE Tiszta energia\u00e1t\u00e1ll\u00e1s<\/strong> 1 milli\u00e1rd eur\u00f3s alprogramja a fenntarthat\u00f3 energi\u00e1ra val\u00f3 t\u00e1rsadalmi-gazdas\u00e1gi \u00e1t\u00e1ll\u00e1s akad\u00e1lyait lek\u00fczd\u0151 beavatkoz\u00e1sokat t\u00e1mogat.<\/p>\n<p>[\/et_pb_text][et_pb_text admin_label=&#8221;21 \u00e1bra&#8221; _builder_version=&#8221;4.16&#8243; text_font_size=&#8221;15px&#8221; header_line_height=&#8221;1.1em&#8221; header_2_line_height=&#8221;1.1em&#8221; header_3_font=&#8221;|600||on|||||&#8221; header_3_text_color=&#8221;#385988&#8243; header_3_line_height=&#8221;1.1em&#8221; header_4_text_color=&#8221;#385988&#8243; header_4_line_height=&#8221;1.1em&#8221; width=&#8221;70%&#8221; width_tablet=&#8221;90%&#8221; width_phone=&#8221;100%&#8221; width_last_edited=&#8221;on|tablet&#8221; module_alignment=&#8221;center&#8221; z_index_tablet=&#8221;500&#8243; text_text_shadow_horizontal_length_tablet=&#8221;0px&#8221; text_text_shadow_vertical_length_tablet=&#8221;0px&#8221; text_text_shadow_blur_strength_tablet=&#8221;1px&#8221; link_text_shadow_horizontal_length_tablet=&#8221;0px&#8221; link_text_shadow_vertical_length_tablet=&#8221;0px&#8221; link_text_shadow_blur_strength_tablet=&#8221;1px&#8221; ul_text_shadow_horizontal_length_tablet=&#8221;0px&#8221; ul_text_shadow_vertical_length_tablet=&#8221;0px&#8221; ul_text_shadow_blur_strength_tablet=&#8221;1px&#8221; ol_text_shadow_horizontal_length_tablet=&#8221;0px&#8221; ol_text_shadow_vertical_length_tablet=&#8221;0px&#8221; ol_text_shadow_blur_strength_tablet=&#8221;1px&#8221; quote_text_shadow_horizontal_length_tablet=&#8221;0px&#8221; quote_text_shadow_vertical_length_tablet=&#8221;0px&#8221; quote_text_shadow_blur_strength_tablet=&#8221;1px&#8221; header_text_shadow_horizontal_length_tablet=&#8221;0px&#8221; header_text_shadow_vertical_length_tablet=&#8221;0px&#8221; header_text_shadow_blur_strength_tablet=&#8221;1px&#8221; header_2_text_shadow_horizontal_length_tablet=&#8221;0px&#8221; header_2_text_shadow_vertical_length_tablet=&#8221;0px&#8221; header_2_text_shadow_blur_strength_tablet=&#8221;1px&#8221; header_3_text_shadow_horizontal_length_tablet=&#8221;0px&#8221; header_3_text_shadow_vertical_length_tablet=&#8221;0px&#8221; header_3_text_shadow_blur_strength_tablet=&#8221;1px&#8221; header_4_text_shadow_horizontal_length_tablet=&#8221;0px&#8221; header_4_text_shadow_vertical_length_tablet=&#8221;0px&#8221; header_4_text_shadow_blur_strength_tablet=&#8221;1px&#8221; header_5_text_shadow_horizontal_length_tablet=&#8221;0px&#8221; header_5_text_shadow_vertical_length_tablet=&#8221;0px&#8221; header_5_text_shadow_blur_strength_tablet=&#8221;1px&#8221; header_6_text_shadow_horizontal_length_tablet=&#8221;0px&#8221; header_6_text_shadow_vertical_length_tablet=&#8221;0px&#8221; header_6_text_shadow_blur_strength_tablet=&#8221;1px&#8221; box_shadow_horizontal_tablet=&#8221;0px&#8221; box_shadow_vertical_tablet=&#8221;0px&#8221; box_shadow_blur_tablet=&#8221;40px&#8221; box_shadow_spread_tablet=&#8221;0px&#8221; global_colors_info=&#8221;{}&#8221;]<\/p>\n<div><div class=\"infogram-embed\" data-id=\"_\/sI1r8T9CvvULjuEYOAlA\" data-type=\"interactive\"><\/div><script>!function(e,t,s,i){var n=\"InfogramEmbeds\",o=e.getElementsByTagName(\"script\"),d=o[0],r=\/^http:\/.test(e.location)?\"http:\":\"https:\";if(\/^\\\/{2}\/.test(i)&&(i=r+i),window[n]&&window[n].initialized)window[n].process&&window[n].process();else if(!e.getElementById(s)){var a=e.createElement(\"script\");a.async=1,a.id=s,a.src=i,d.parentNode.insertBefore(a,d)}}(document,0,\"infogram-async\",\"\/\/e.infogram.com\/js\/dist\/embed-loader-min.js\");<\/script><\/div>\n<p>[\/et_pb_text][et_pb_text admin_label=&#8221;Text&#8221; _builder_version=&#8221;4.16&#8243; text_font_size=&#8221;15px&#8221; header_line_height=&#8221;1.1em&#8221; header_2_line_height=&#8221;1.1em&#8221; header_3_font=&#8221;|600||on|||||&#8221; header_3_text_color=&#8221;#385988&#8243; header_3_line_height=&#8221;1.1em&#8221; header_4_text_color=&#8221;#385988&#8243; header_4_line_height=&#8221;1.1em&#8221; z_index_tablet=&#8221;500&#8243; text_text_shadow_horizontal_length_tablet=&#8221;0px&#8221; text_text_shadow_vertical_length_tablet=&#8221;0px&#8221; text_text_shadow_blur_strength_tablet=&#8221;1px&#8221; link_text_shadow_horizontal_length_tablet=&#8221;0px&#8221; link_text_shadow_vertical_length_tablet=&#8221;0px&#8221; link_text_shadow_blur_strength_tablet=&#8221;1px&#8221; ul_text_shadow_horizontal_length_tablet=&#8221;0px&#8221; ul_text_shadow_vertical_length_tablet=&#8221;0px&#8221; ul_text_shadow_blur_strength_tablet=&#8221;1px&#8221; ol_text_shadow_horizontal_length_tablet=&#8221;0px&#8221; ol_text_shadow_vertical_length_tablet=&#8221;0px&#8221; ol_text_shadow_blur_strength_tablet=&#8221;1px&#8221; quote_text_shadow_horizontal_length_tablet=&#8221;0px&#8221; quote_text_shadow_vertical_length_tablet=&#8221;0px&#8221; quote_text_shadow_blur_strength_tablet=&#8221;1px&#8221; header_text_shadow_horizontal_length_tablet=&#8221;0px&#8221; header_text_shadow_vertical_length_tablet=&#8221;0px&#8221; header_text_shadow_blur_strength_tablet=&#8221;1px&#8221; header_2_text_shadow_horizontal_length_tablet=&#8221;0px&#8221; header_2_text_shadow_vertical_length_tablet=&#8221;0px&#8221; header_2_text_shadow_blur_strength_tablet=&#8221;1px&#8221; header_3_text_shadow_horizontal_length_tablet=&#8221;0px&#8221; header_3_text_shadow_vertical_length_tablet=&#8221;0px&#8221; header_3_text_shadow_blur_strength_tablet=&#8221;1px&#8221; header_4_text_shadow_horizontal_length_tablet=&#8221;0px&#8221; header_4_text_shadow_vertical_length_tablet=&#8221;0px&#8221; header_4_text_shadow_blur_strength_tablet=&#8221;1px&#8221; header_5_text_shadow_horizontal_length_tablet=&#8221;0px&#8221; header_5_text_shadow_vertical_length_tablet=&#8221;0px&#8221; header_5_text_shadow_blur_strength_tablet=&#8221;1px&#8221; header_6_text_shadow_horizontal_length_tablet=&#8221;0px&#8221; header_6_text_shadow_vertical_length_tablet=&#8221;0px&#8221; header_6_text_shadow_blur_strength_tablet=&#8221;1px&#8221; box_shadow_horizontal_tablet=&#8221;0px&#8221; box_shadow_vertical_tablet=&#8221;0px&#8221; box_shadow_blur_tablet=&#8221;40px&#8221; box_shadow_spread_tablet=&#8221;0px&#8221; global_colors_info=&#8221;{}&#8221;]<\/p>\n<h3 style=\"margin-top: 1em;\">Eur\u00f3pai uni\u00f3s lakhat\u00e1ssal kapcsolatos szakpolitik\u00e1k magyarorsz\u00e1gi alkalmaz\u00e1sa<\/h3>\n<h4 style=\"margin-top: 0.8em;\">Lakhat\u00e1si beavatkoz\u00e1sok 2014-2020 k\u00f6z\u00f6tt<\/h4>\n<p>A 2014-2020-as programoz\u00e1si id\u0151szak alatt Magyarorsz\u00e1g az Operat\u00edv Programok keret\u00e9ben, az ERFA \u00e9s ESZA alapok felhaszn\u00e1l\u00e1s\u00e1val val\u00f3s\u00edtott meg komplex projekteket. Nagys\u00e1grendileg sz\u00e1z telep\u00fcl\u00e9sen a szegreg\u00e1lt \u00e9lethelyzetek felsz\u00e1mol\u00e1s\u00e1t seg\u00edtett\u00e9k, \u00e9s tov\u00e1bbi telep\u00fcl\u00e9seken zajlottak v\u00e1rosrehabilit\u00e1ci\u00f3s programok. Ezek keret\u00e9ben a lak\u00e1sok energiahat\u00e9kony fel\u00faj\u00edt\u00e1s\u00e1t, a h\u00e1ztart\u00e1sok integr\u00e1lt lak\u00f3k\u00f6rnyezetbe mobiliz\u00e1l\u00e1s\u00e1t, valamint a k\u00f6zter\u00fcletek \u00e9lhet\u0151bb\u00e9 t\u00e9tel\u00e9t t\u00e1mogatt\u00e1k. Ezek \u00f6sszess\u00e9g\u00e9ben azonban csak minim\u00e1lisan k\u00e9pesek cs\u00f6kkenteni az egy\u00e9bk\u00e9nt jelent\u0151s m\u00e9ret\u0171 lakhat\u00e1si hi\u00e1nyokat, hiszen az \u00e9rintett csal\u00e1dok sz\u00e1m\u00e1hoz k\u00e9pest nagyon kevesek lakhat\u00e1sa javult \u00e9rdemben.<\/p>\n<p>A 2015-\u00f6s Nemzeti \u00c9p\u00fcletenergetikai Strat\u00e9gia 700 ezer lak\u00e1s fel\u00faj\u00edt\u00e1s\u00e1t tervezte 2020-ig, ennek eredm\u00e9nyeir\u0151l egyel\u0151re nincs pontos kimutat\u00e1s. Az operat\u00edv programokb\u00f3l eredetileg lak\u00f3\u00e9p\u00fcletek energiahat\u00e9kony fel\u00faj\u00edt\u00e1s\u00e1ra ny\u00fajtottak volna vissza nem t\u00e9r\u00edtend\u0151 t\u00e1mogat\u00e1st, v\u00e9g\u00fcl azonban a korm\u00e1ny ezeket az \u00f6sszegeket a k\u00f6z\u00e9p\u00fcletek fel\u00faj\u00edt\u00e1s\u00e1ra ford\u00edtotta, illetve egy energiahat\u00e9konys\u00e1gi hitelprogramot ind\u00edtott.<\/p>\n<p>Ennek keret\u00e9ben 23 869 fel\u00faj\u00edt\u00e1shoz ny\u00fajtottak kedvezm\u00e9nyes hitelt, \u00edgy 2017 \u00e9s 2021 k\u00f6z\u00f6tt a lak\u00e1s\u00e1llom\u00e1ny 0,5 sz\u00e1zal\u00e9ka \u00fajult meg. Az\u00e1ltal, hogy nem v\u00e1lt el\u00e9rhet\u0151v\u00e9 vissza nem t\u00e9r\u00edtend\u0151 forr\u00e1s az energiahat\u00e9kony fel\u00faj\u00edt\u00e1sra, sz\u00e1mos h\u00e1ztart\u00e1s esett el a fel\u00faj\u00edt\u00e1s megval\u00f3s\u00edt\u00e1s\u00e1nak lehet\u0151s\u00e9g\u00e9t\u0151l.<\/p>\n<p>A hitelek mellett egyed\u00fcl az Otthon Melege Program t\u00e1mogatott k\u00f6zpontilag energiahat\u00e9konys\u00e1gi beruh\u00e1z\u00e1sokat: komplex \u00e9p\u00fcletfel\u00faj\u00edt\u00e1sokat, g\u00e1z-\u00e9s t\u00e1vf\u0171t\u00e9si rendszerek moderniz\u00e1l\u00e1s\u00e1t, ny\u00edl\u00e1sz\u00e1r\u00f3- \u00e9s h\u00e1ztart\u00e1si nagyg\u00e9p csereprogramokat t\u00e1mogattak. Az utols\u00f3 kiv\u00e9tel\u00e9vel azonban ezek mind ut\u00f3finansz\u00edroz\u00e1sos form\u00e1ban t\u00f6rt\u00e9ntek, ez\u00e9rt az alacsony j\u00f6vedelm\u0171 csal\u00e1dok sz\u00e1m\u00e1ra gyakorlatilag nem voltak el\u00e9rhet\u0151ek, \u00e9s a t\u00e1mogat\u00e1s sz\u0171k\u00f6ss\u00e9ge miatt a hamar ki is mer\u00fcltek. \u00cdgy a fel\u00faj\u00edt\u00e1sra szorul\u00f3 \u00e9p\u00fclet\u00e1llom\u00e1ny m\u00e9rt\u00e9k\u00e9hez k\u00e9pest eleny\u00e9sz\u0151 volt a megval\u00f3sul\u00f3 beruh\u00e1z\u00e1sok sz\u00e1ma.<\/p>\n<h4 style=\"margin-top: 0.8em;\">Strat\u00e9giai- \u00e9s programtervezetek a 2021-2027 k\u00f6z\u00f6tti id\u0151szakra<\/h4>\n<h5 style=\"margin-top: 0.6em;\"><i class=\"fas fa-chevron-right\"><\/i> <strong><a href=\"https:\/\/ec.europa.eu\/energy\/sites\/ener\/files\/documents\/hu_final_necp_main_hu.pdf\" target=\"_blank\" rel=\"noopener\">Nemzeti Energia \u00e9s Kl\u00edmaterv<\/a> (NEKT)<\/strong><\/h5>\n<p>A kor\u00e1bban m\u00e1r eml\u00edtett \u201eTiszta energi\u00e1t minden eur\u00f3painak\u201d csomag el\u0151\u00edr\u00e1sainak megfelel\u0151en be kell mutatni, Magyarorsz\u00e1g hogyan j\u00e1rul hozz\u00e1 2030-ig az EU-s kl\u00edmav\u00e9delmi \u00e9s energetikai c\u00e9lkit\u0171z\u00e9sek megval\u00f3s\u00edt\u00e1s\u00e1hoz. Amellett, hogy a dokumentum nem tesz \u00e9rdemi meg\u00e1llap\u00edt\u00e1sokat az energiaszeg\u00e9nys\u00e9g okair\u00f3l, nem t\u00e1masztja al\u00e1 a meghat\u00e1rozott c\u00e9lcsoportok kiv\u00e1laszt\u00e1s\u00e1t, \u00e9s a bemutatott szakpolitik\u00e1k felsz\u00ednesek, m\u00e9g kev\u00e9s konkr\u00e9tumot is tartalmaz. A konkr\u00e9t int\u00e9zked\u00e9sek k\u00f6z\u00f6tt szerepel, hogy 2030-ra legal\u00e1bb 200 ezer h\u00e1ztart\u00e1st szereln\u00e9nek fel \u00e1tlagosan 4 kW teljes\u00edtm\u00e9ny\u0171, tet\u0151re szerelt napelemmel, illetve kiterjeszten\u00e9k a szoci\u00e1lis napelem programot. Ennek keret\u00e9ben leromlott \u00e9s fel\u00faj\u00edt\u00e1sra alkalmatlan \u00e9p\u00fclet\u00e1llom\u00e1nyban \u00e9l\u0151 gyermekes h\u00e1ztart\u00e1sok sz\u00e1m\u00e1ra biztos\u00edtan\u00e1k egy szoba f\u0171t\u00e9s\u00e9t, el\u0151fizet\u0151s m\u00e9r\u0151\u00f3r\u00e1k \u00e9s f\u0171t\u0151panelek felszerel\u00e9se r\u00e9v\u00e9n. Tov\u00e1bbi elemk\u00e9nt jelenik meg, hogy az Energiahat\u00e9konys\u00e1gi K\u00f6telezetts\u00e9gi Rendszer a r\u00e1szorul\u00f3 h\u00e1ztart\u00e1sokat is k\u00edv\u00e1nja majd t\u00e1mogatni. Az energiaszeg\u00e9nys\u00e9g egyik f\u0151 ok\u00e1t, az \u00e9p\u00fcletek alacsony energiahat\u00e9konys\u00e1g\u00e1nak jav\u00edt\u00e1s\u00e1t azonban egyetlen elem sem c\u00e9lozza meg.<\/p>\n<h5 style=\"margin-top: 0.6em;\"><i class=\"fas fa-chevron-right\"><\/i> <strong><a href=\"https:\/\/ec.europa.eu\/energy\/topics\/energy-efficiency\/energy-efficient-buildings\/long-term-renovation-strategies_en\" target=\"_blank\" rel=\"noopener\">Hossz\u00fa T\u00e1v\u00fa Fel\u00faj\u00edt\u00e1si Strat\u00e9gia<\/a> (HTFS)<\/strong><\/h5>\n<p>Az energia- \u00e9s kl\u00edmac\u00e9lok el\u00e9r\u00e9se \u00e9rdek\u00e9ben a tag\u00e1llamok ebben mutatj\u00e1k be, hogyan fogj\u00e1k fel\u00faj\u00edt\u00e1s r\u00e9v\u00e9n el\u00e9rni, hogy az \u00e9p\u00fcleteik rendk\u00edv\u00fcl hat\u00e9konyak \u00e9s karbonmentesek legyenek 2050-re. A t\u00f6bb, mint egy \u00e9vvel a hat\u00e1rid\u0151 ut\u00e1n 2021 j\u00fanius\u00e1ban elfogadott magyar Strat\u00e9gia 2030-ra a jelenlegi \u00e9vi 1 sz\u00e1zal\u00e9kr\u00f3l 3 sz\u00e1zal\u00e9kra szeretn\u00e9 n\u00f6velni a lak\u00f3\u00e9p\u00fcletek fel\u00faj\u00edt\u00e1si ar\u00e1ny\u00e1t.<\/p>\n<p>A <strong>k\u00f6lts\u00e9ghat\u00e9kony m\u00e9lyfel\u00faj\u00edt\u00e1sokat<\/strong> bemutat\u00f3 fejezet a m\u00e1r m\u0171k\u00f6d\u0151, de az alacsony j\u00f6vedelm\u0171ek sz\u00e1m\u00e1ra gyakorlatilag nem el\u00e9rhet\u0151 Otthonfel\u00faj\u00edt\u00e1si Programot \u00e9s a szeml\u00e9letform\u00e1l\u00e1st eml\u00edti, konkr\u00e9t ir\u00e1nysz\u00e1mokat vagy p\u00e9nz\u00fcgyi alap l\u00e9trehoz\u00e1s\u00e1t azonban nem.<\/p>\n<p>A <strong>legrosszabbul teljes\u00edt\u0151 \u00e9p\u00fcletekkel<\/strong> foglalkoz\u00f3 fejezet pedig nem sz\u00e1mszer\u0171s\u00edti, hogy ezen \u00e9p\u00fcletek mekkora h\u00e1nyad\u00e1t, milyen \u00fctemben, \u00e9s milyen forr\u00e1sb\u00f3l, milyen t\u00e1mogat\u00e1sintenzit\u00e1s mellett k\u00edv\u00e1nja fel\u00faj\u00edtani. A v\u00e1lyogh\u00e1zakat viszont <a href=\"https:\/\/www.habitat.hu\/blog\/2021\/07\/vegitelet-a-valyoghazakra\/\" target=\"_blank\" rel=\"noopener\">nem tartja fel\u00faj\u00edt\u00e1sra \u00e9rdemesnek<\/a> a dokumentum, alacsony piaci \u00e9rt\u00e9k\u00fck, speci\u00e1lis fel\u00faj\u00edt\u00e1si technikai ig\u00e9ny\u00fck miatt, \u00e9s mert \u201efeltehet\u0151en a N\u00c9eR2 vizsg\u00e1lata \u00f3ta ezek egy j\u00f3 r\u00e9sz\u00e9t m\u00e1r elhagyt\u00e1k, nem lakj\u00e1k\u201d, ut\u00f3bbi \u00e1ll\u00edt\u00e1s viszont nincs sz\u00e1mokkal al\u00e1t\u00e1masztva. Tov\u00e1bb\u00e1 az energiaszeg\u00e9nys\u00e9g kifejez\u00e9s kifejez\u00e9s egy\u00e1ltal\u00e1n nem szerepel a dokumentumban.<\/p>\n<h5 style=\"margin-top: 0.6em;\"><i class=\"fas fa-chevron-right\"><\/i> <strong>Energiahat\u00e9konys\u00e1gi K\u00f6telezetts\u00e9gi Rendszer (EKR)<\/strong><\/h5>\n<p>Magyarorsz\u00e1g \u2013 az EU el\u0151\u00edr\u00e1saival \u00f6sszhangban \u2013 2020-ban vezette be, \u00e9s 2021-t\u0151l l\u00e9p \u00e9letbe. A villamosenergia- \u00e9s f\u00f6ldg\u00e1z-keresked\u0151k, illetve -szolg\u00e1ltat\u00f3k, valamint az \u00fczemanyag \u00e9rt\u00e9kes\u00edt\u0151k sz\u00e1m\u00e1ra olyan int\u00e9zked\u00e9si k\u00f6telezetts\u00e9geket \u00edr el\u0151, amelyek az ipari \u00e9s lakoss\u00e1gi v\u00e9gfelhaszn\u00e1l\u00f3kn\u00e1l eredm\u00e9nyeznek energiamegtakar\u00edt\u00e1st. A k\u00f6telezetts\u00e9get energiahat\u00e9konys\u00e1gi j\u00e1rul\u00e9k megfizet\u00e9se r\u00e9v\u00e9n is teljes\u00edthetik. Ezeket a bev\u00e9teleket els\u0151sorban kiszolg\u00e1ltatott h\u00e1ztart\u00e1sok k\u00f6r\u00e9ben energiahat\u00e9konys\u00e1gi beavatkoz\u00e1sra kell ford\u00edtani. \u00cdgy az alacsony j\u00f6vedelm\u0171ek \u00e1ltal lakott \u00e9p\u00fcletek komplex, jelent\u0151s energiamegtakar\u00edt\u00e1s\u00e1t c\u00e9lz\u00f3, ak\u00e1r szakaszos fel\u00faj\u00edt\u00e1sa val\u00f3sulhatna meg, amire jelenleg nincs t\u00e1mogat\u00e1s. K\u00e9rd\u00e9s azonban, hogy ha az \u00e1llam a piaci szerepl\u0151kre b\u00edzza a d\u00f6nt\u00e9st, a k\u00f6telezettek milyen ar\u00e1nyban ruh\u00e1znak majd be a lakoss\u00e1gi fogyaszt\u00f3k \u00e9p\u00fcleteibe, \u00e9s az is, hogy mekkora lesz a j\u00e1rul\u00e9kokb\u00f3l befoly\u00f3, \u00e9s a r\u00e1szorul\u00f3 h\u00e1ztart\u00e1sokra ford\u00edtand\u00f3 keret, valamint nem egy\u00e9rtelm\u0171, hogy milyen form\u00e1ban r\u00e9szes\u00fclnek majd ezekb\u0151l a beruh\u00e1z\u00e1sokb\u00f3l.<\/p>\n<h5 style=\"margin-top: 0.6em;\"><i class=\"fas fa-chevron-right\"><\/i> <strong>Operat\u00edv Programok<\/strong><\/h5>\n<p>A <strong>K\u00f6rnyezeti \u00e9s Energiahat\u00e9konys\u00e1gi Operat\u00edv Program Plusz (KEHOP+)<\/strong> tartalmazza az energiahat\u00e9konys\u00e1gi programelemeket. F\u0171t\u0151berendez\u00e9sek cser\u00e9j\u00e9t, az egy\u00e9ni \u00e9s k\u00f6z\u00f6ss\u00e9gi f\u0171t\u00e9s-h\u0171t\u00e9s meg\u00fajul\u00f3 energiaalapra val\u00f3 \u00e1thelyez\u00e9s\u00e9t tervezik, valamint az EKR-en bel\u00fcl k\u00f6telezett, illetve az ESCO c\u00e9gek sz\u00e1m\u00e1ra ny\u00fajt t\u00e1mogat\u00e1st lakoss\u00e1gi \u00e9p\u00fcletenergetikai beavatkoz\u00e1sok megval\u00f3s\u00edt\u00e1s\u00e1hoz. A f\u0171t\u00e9skorszer\u0171s\u00edt\u00e9s \u00e1ltal el\u00e9rt h\u00e1ztart\u00e1sok sz\u00e1m\u00e1ra azonban ebben sincs c\u00e9l\u00e9rt\u00e9k meghat\u00e1rozva, az energiahat\u00e9konys\u00e1gi beruh\u00e1z\u00e1sok c\u00e9lsz\u00e1mai alapj\u00e1n pedig az l\u00e1tszik, hogy a legfontosabb energiahat\u00e9konys\u00e1gi EU-s t\u00e1mogat\u00e1sb\u00f3l a lak\u00e1s\u00e1llom\u00e1ny mind\u00f6ssze 0,7 sz\u00e1zal\u00e9ka \u00fajulna meg 9 \u00e9v alatt. Ez azt jelenti, hogy \u00e9ves szinten a lak\u00e1s\u00e1llom\u00e1ny kevesebb, mint a 0,1%-a \u00fajulna meg, mik\u00f6zben a Hossz\u00fa T\u00e1v\u00fa Fel\u00faj\u00edt\u00e1si Strat\u00e9gia \u00e9vi 3 sz\u00e1zal\u00e9kos fel\u00faj\u00edt\u00e1si r\u00e1t\u00e1t k\u00edv\u00e1n el\u00e9rni 2030-ra.<\/p>\n<p>Tov\u00e1bb\u00e1 a szint\u00e9n a 2021-2027-es id\u0151szakra tervezett <strong>Emberi Er\u0151forr\u00e1s Fejleszt\u00e9si Operat\u00edv Program Plusz (EFOP+)<\/strong> keret\u00e9n bel\u00fcl, a marginaliz\u00e1lt k\u00f6z\u00f6ss\u00e9gek sz\u00e1m\u00e1ra ny\u00fajtott t\u00e1mogat\u00e1sk\u00e9nt 2029-ig 4 ezer f\u0151 r\u00e9sz\u00e9re terveznek lak\u00e1skorszer\u0171s\u00edt\u00e9st, illetve b\u00e9rlak\u00e1s-juttat\u00e1st. Ezen k\u00edv\u00fcl fiatalok koll\u00e9giumi elhelyez\u00e9s\u00e9t k\u00edv\u00e1nja biztos\u00edtani m\u00e9g a program.<\/p>\n<h5 style=\"margin-top: 0.6em;\"><i class=\"fas fa-chevron-right\"><\/i> <strong>Helyre\u00e1ll\u00edt\u00e1si \u00e9s Ellen\u00e1ll\u00f3k\u00e9pess\u00e9gi Eszk\u00f6z<\/strong><\/h5>\n<p>A tag\u00e1llamoknak 2021 tavasz\u00e1n kellett beny\u00fajtaniuk <strong>Helyre\u00e1ll\u00edt\u00e1si \u00e9s Ellen\u00e1ll\u00f3k\u00e9pess\u00e9gi Terv\u00fcket<\/strong>. A magyar dokumentum 2500 lak\u00e1s fel\u00faj\u00edt\u00e1s\u00e1t \u00e9s 600 \u00faj szoci\u00e1lis lak\u00e1s \u00e9p\u00edt\u00e9s\u00e9t tervezi 2026-ig, valamint 26 500 KWp meg\u00fajul\u00f3 k\u00f6z\u00f6ss\u00e9gi energia termel\u00e9si kapacit\u00e1st tervez telep\u00edteni a legh\u00e1tr\u00e1nyosabb helyzet\u0171 telep\u00fcl\u00e9seken. Tov\u00e1bb\u00e1 34 920 h\u00e1ztart\u00e1s r\u00e9szes\u00fclhetne napelemekb\u0151l \u00e9s\/vagy \u00fajulna meg a f\u0171t\u00e9si rendszere. Ezek a beavatkoz\u00e1sok azonban rendk\u00edv\u00fcl dr\u00e1g\u00e1k, az elektromos f\u0171t\u0151testek eset\u00e9ben m\u00e9g csak nem is hat\u00e9konyak \u00e9p\u00fcletkorszer\u0171s\u00edt\u00e9s n\u00e9lk\u00fcl. A program keret\u00e9ben ny\u00edl\u00e1sz\u00e1r\u00f3cser\u00e9t lesz\u00e1m\u00edtva nem jav\u00edtan\u00e1nak \u00e9rdemben az \u00e9p\u00fcletek energiahat\u00e9konys\u00e1g\u00e1n. Ehelyett egy komplex fel\u00faj\u00edt\u00e1s az alacsony j\u00f6vedelm\u0171 h\u00e1ztart\u00e1sok k\u00f6lts\u00e9gkock\u00e1zat\u00e1t jelent\u0151sen cs\u00f6kkenten\u00e9, illetve egy olcs\u00f3bb technol\u00f3gia alkalmaz\u00e1s\u00e1val, szigetel\u00e9ssel kieg\u00e9sz\u00edtve jelent\u0151sebb kibocs\u00e1t\u00e1scs\u00f6kkent\u00e9s \u00e9s energiamegtakar\u00edt\u00e1s v\u00e1lhatna el\u00e9rhet\u0151v\u00e9.<\/p>\n<p>\u00cdgy ez a rendszer az\u00e1ltal, hogy nem t\u00e1mogatja a komplex fel\u00faj\u00edt\u00e1st, nemcsak kihagy egy lehet\u0151s\u00e9get arra, hogy jelent\u0151sen cs\u00f6kkenjen az \u00e9p\u00fcletek energiaig\u00e9nye, hanem belakatol\u00f3 hat\u00e1ssal is b\u00edr: kicsi az es\u00e9lye, hogy a t\u00e1mogatott beruh\u00e1z\u00e1s ut\u00e1n a h\u00e1ztart\u00e1s egy k\u00f6vetkez\u0151 szakaszban v\u00e9grehajtsa a kimaradt \u00e9p\u00fcletszigetel\u00e9st.<\/p>\n<h3 style=\"margin-top: 1em;\">K\u00f6vetkeztet\u00e9sek<\/h3>\n<p>Magyarorsz\u00e1gon uni\u00f3s \u00f6sszehasonl\u00edt\u00e1sban kimagasl\u00f3 m\u00e9rt\u00e9kben n\u00f6vekedtek a lak\u00e1s\u00e1rak, a lak\u00e1sok energiafogyaszt\u00e1sa az egyik legmagasabb az EU-ban, illetve a rossz min\u0151s\u00e9g\u0171 lak\u00e1sok ar\u00e1nya is magas. Ennek ellen\u00e9re az energiahat\u00e9konys\u00e1gra is felhaszn\u00e1lhat\u00f3 EU-s forr\u00e1sokb\u00f3l Magyarorsz\u00e1g semennyit sem ford\u00edt a lak\u00f3\u00e9p\u00fcletek komplex energiahat\u00e9kony fel\u00faj\u00edt\u00e1sra, hanem a lakoss\u00e1gi fel\u00faj\u00edt\u00e1sok kivitelez\u00e9s\u00e9t a piacra b\u00edzza, an\u00e9lk\u00fcl, hogy garant\u00e1ln\u00e1, hogy ezek a beruh\u00e1z\u00e1sok t\u00e9nylegesen megval\u00f3sulnak a lakoss\u00e1g k\u00f6r\u00e9ben. Jelenleg nem l\u00e1tszik, hogy a szakma \u00e1ltal is javasolt komplex \u00e9p\u00fcletfel\u00faj\u00edt\u00e1sokra rendelkez\u00e9sre fognak-e \u00e1llni k\u00f6zponti forr\u00e1sok.<\/p>\n<p>A kl\u00edmav\u00e1ltoz\u00e1s elleni k\u00fczdelem jegy\u00e9ben 2021-t\u0151l t\u00f6bb Eur\u00f3pai Uni\u00f3s forr\u00e1s \u00e1ll rendelkez\u00e9sre \u00e9p\u00fcletfel\u00faj\u00edt\u00e1sokra, \u00e9s 2018 \u00f3ta az energetikai jogszab\u00e1lyokban elv\u00e1r\u00e1sk\u00e9nt jelenik meg az energiaszeg\u00e9nys\u00e9g elleni k\u00fczdelem.<\/p>\n<p>A jelenlegi magyar lak\u00e1spolitikai beavatkoz\u00e1sok a k\u00f6z\u00e9poszt\u00e1lybeli gyermekes csal\u00e1dok lak\u00e1shoz jut\u00e1s\u00e1t \u00e9s lak\u00e1sfel\u00faj\u00edt\u00e1s\u00e1t t\u00e1mogatj\u00e1k. Az el\u00e9rhet\u0151 t\u00e1mogat\u00e1sok az alacsony j\u00f6vedelm\u0171ek lak\u00e1shoz jut\u00e1ssal \u00e9s lak\u00e1sfenntart\u00e1ssal kapcsolatos neh\u00e9zs\u00e9geit nem, vagy csak eleny\u00e9sz\u0151 m\u00e9rt\u00e9kben enyh\u00edtik. A lak\u00f3\u00e9p\u00fcletek energiahat\u00e9kony fel\u00faj\u00edt\u00e1s\u00e1hoz nem \u00e1llnak rendelkez\u00e9sre kisz\u00e1m\u00edthat\u00f3, sz\u00e9les k\u00f6rben el\u00e9rhet\u0151 t\u00e1mogat\u00e1sok, annak ellen\u00e9re, hogy az EU-s forr\u00e1sokb\u00f3l kialak\u00edthat\u00f3 lenne egy t\u00e1mogat\u00e1si rendszer. A szegreg\u00e1lt lak\u00f3k\u00f6rnyezet felsz\u00e1mol\u00e1sa a probl\u00e9ma m\u00e9ret\u00e9hez k\u00e9pest lass\u00fa \u00fctemben halad. A hajl\u00e9ktalans\u00e1g ter\u00e9n pedig sem a megel\u0151z\u00e9s, sem a kivezet\u0151 utak ter\u00e9n nem t\u00f6rt\u00e9nt jelent\u0151s el\u0151rel\u00e9p\u00e9s, mik\u00f6zben a hajl\u00e9ktalan emberek kriminaliz\u00e1ci\u00f3j\u00e1t t\u00f6rv\u00e9nybe iktatt\u00e1k.<\/p>\n<p>A strat\u00e9gi\u00e1k alapj\u00e1n nem l\u00e1tszik biztos\u00edtottnak a legrosszabbul teljes\u00edt\u0151 \u00e9s \u00e1ltal\u00e1noss\u00e1gban a lak\u00f3\u00e9p\u00fcletek kell\u0151 ar\u00e1ny\u00fa fel\u00faj\u00edt\u00e1sa, valamint az energiaszeg\u00e9nys\u00e9g \u00e1ltal \u00e9rintett h\u00e1ztart\u00e1sok sz\u00e1m\u00e1nak cs\u00f6kkent\u00e9se sem. A magyar operat\u00edv programtervek a s\u00e9r\u00fcl\u00e9keny csoportok lakhat\u00e1si helyzet\u00e9nek jav\u00edt\u00e1s\u00e1ra ny\u00edl\u00f3 lehet\u0151s\u00e9geket sem akn\u00e1zz\u00e1k ki. A strat\u00e9gi\u00e1k \u00e9s programtervek lakhat\u00e1ssal, energiahat\u00e9kony fel\u00faj\u00edt\u00e1ssal kapcsolatos r\u00e9szei fel\u00fcletesek, nagyon alacsony amb\u00edci\u00f3val b\u00edrnak, a c\u00e9lkit\u0171z\u00e9sek \u00e1ltal\u00e1nosak, vagy nincsenek, a tervezett beavatkoz\u00e1sokr\u00f3l sz\u00f3l\u00f3 szinte minden r\u00e9szlet hi\u00e1nyzik (forr\u00e1sig\u00e9ny, finansz\u00edroz\u00e1s, felel\u0151s, \u00fctemez\u00e9s). Ez alapj\u00e1n elmondhat\u00f3, hogy <strong>Magyarorsz\u00e1g nem \u00e9l azzal a lehet\u0151s\u00e9ggel, hogy energiahat\u00e9konys\u00e1gi \u00e9s egy\u00e9b fel\u00faj\u00edt\u00e1si programokkal \u00e9rdemben jav\u00edtson az EU-s \u00f6sszehasonl\u00edt\u00e1sban rossz lak\u00e1shelyzet\u00e9n.<\/strong><\/p>\n<p>[\/et_pb_text][et_pb_text admin_label=&#8221;Javaslatok&#8221; _builder_version=&#8221;4.16&#8243; text_font_size=&#8221;15px&#8221; header_line_height=&#8221;1.1em&#8221; header_2_line_height=&#8221;1.1em&#8221; header_3_font=&#8221;|600||on|||||&#8221; header_3_line_height=&#8221;1.1em&#8221; header_4_line_height=&#8221;1.1em&#8221; background_color=&#8221;#385988&#8243; background_layout=&#8221;dark&#8221; custom_margin=&#8221;2em||0px||false|false&#8221; custom_padding=&#8221;3%|3%|3%|3%|false|false&#8221; z_index_tablet=&#8221;500&#8243; text_text_shadow_horizontal_length_tablet=&#8221;0px&#8221; text_text_shadow_vertical_length_tablet=&#8221;0px&#8221; text_text_shadow_blur_strength_tablet=&#8221;1px&#8221; link_text_shadow_horizontal_length_tablet=&#8221;0px&#8221; link_text_shadow_vertical_length_tablet=&#8221;0px&#8221; link_text_shadow_blur_strength_tablet=&#8221;1px&#8221; ul_text_shadow_horizontal_length_tablet=&#8221;0px&#8221; ul_text_shadow_vertical_length_tablet=&#8221;0px&#8221; ul_text_shadow_blur_strength_tablet=&#8221;1px&#8221; ol_text_shadow_horizontal_length_tablet=&#8221;0px&#8221; ol_text_shadow_vertical_length_tablet=&#8221;0px&#8221; ol_text_shadow_blur_strength_tablet=&#8221;1px&#8221; quote_text_shadow_horizontal_length_tablet=&#8221;0px&#8221; quote_text_shadow_vertical_length_tablet=&#8221;0px&#8221; quote_text_shadow_blur_strength_tablet=&#8221;1px&#8221; header_text_shadow_horizontal_length_tablet=&#8221;0px&#8221; header_text_shadow_vertical_length_tablet=&#8221;0px&#8221; header_text_shadow_blur_strength_tablet=&#8221;1px&#8221; header_2_text_shadow_horizontal_length_tablet=&#8221;0px&#8221; header_2_text_shadow_vertical_length_tablet=&#8221;0px&#8221; header_2_text_shadow_blur_strength_tablet=&#8221;1px&#8221; header_3_text_shadow_horizontal_length_tablet=&#8221;0px&#8221; header_3_text_shadow_vertical_length_tablet=&#8221;0px&#8221; header_3_text_shadow_blur_strength_tablet=&#8221;1px&#8221; header_4_text_shadow_horizontal_length_tablet=&#8221;0px&#8221; header_4_text_shadow_vertical_length_tablet=&#8221;0px&#8221; header_4_text_shadow_blur_strength_tablet=&#8221;1px&#8221; header_5_text_shadow_horizontal_length_tablet=&#8221;0px&#8221; header_5_text_shadow_vertical_length_tablet=&#8221;0px&#8221; header_5_text_shadow_blur_strength_tablet=&#8221;1px&#8221; header_6_text_shadow_horizontal_length_tablet=&#8221;0px&#8221; header_6_text_shadow_vertical_length_tablet=&#8221;0px&#8221; header_6_text_shadow_blur_strength_tablet=&#8221;1px&#8221; box_shadow_style=&#8221;preset1&#8243; box_shadow_horizontal_tablet=&#8221;0px&#8221; box_shadow_vertical_tablet=&#8221;0px&#8221; box_shadow_blur_tablet=&#8221;40px&#8221; box_shadow_spread_tablet=&#8221;0px&#8221; global_colors_info=&#8221;{}&#8221;]<\/p>\n<h3 style=\"padding-top: 0;\">Javaslatok<\/h3>\n<p><strong>A lakhat\u00e1ssal kapcsolatos probl\u00e9m\u00e1k enyh\u00edt\u00e9s\u00e9re magyarorsz\u00e1gi kontextusban az al\u00e1bbi int\u00e9zked\u00e9seket, beavatkoz\u00e1sokat, strat\u00e9giai d\u00f6nt\u00e9seket javasoljuk. Eur\u00f3pai Uni\u00f3s szint\u0171, tov\u00e1bbi javaslataink a fejezet <a href=\"https:\/\/habitat.hu\/sites\/lakhatasi-jelentes-2021\/wp-content\/uploads\/sites\/10\/2021\/09\/Habitat_EvesJelentes_2021_20210909.pdf\">teljes verzi\u00f3j\u00e1ban<\/a> olvashat\u00f3ak.<\/strong><\/p>\n<h5 style=\"margin-top: 0.6em;\"><i class=\"fas fa-chevron-right\"><\/i> Megfizethet\u0151s\u00e9g<\/h5>\n<p>A k\u00f6z\u00e9poszt\u00e1lyt seg\u00edt\u0151 int\u00e9zked\u00e9sekr\u0151l \u00e1t kell helyezni a hangs\u00falyt az alacsony j\u00f6vedelm\u0171ek lak\u00e1shoz jut\u00e1s\u00e1t \u00e9s lak\u00e1sfenntart\u00e1s\u00e1t t\u00e1mogat\u00f3 konstrukci\u00f3kra, tov\u00e1bb\u00e1 keretek k\u00f6z\u00e9 kell szor\u00edtani a befektet\u00e9si c\u00e9l\u00fa lak\u00e1sv\u00e1s\u00e1rl\u00e1st, valamint a piaci \u00e9s szoci\u00e1lis k\u00edn\u00e1latot n\u00f6vel\u0151 beavatkoz\u00e1sokra van sz\u00fcks\u00e9g.<\/p>\n<h5 style=\"margin-top: 0.6em;\"><i class=\"fas fa-chevron-right\"><\/i> Energiahat\u00e9konys\u00e1g<\/h5>\n<p>A lak\u00f3\u00e9p\u00fcletek energiahat\u00e9kony fel\u00faj\u00edt\u00e1s\u00e1ra van sz\u00fcks\u00e9g, \u00fagy, hogy az alacsony j\u00f6vedelm\u0171ek sz\u00e1m\u00e1ra is, r\u00e9szben vissza nem t\u00e9r\u00edtend\u0151 t\u00e1mogat\u00e1sok r\u00e9v\u00e9n, el\u00e9rhet\u0151 legyen. Ehhez fel\u00faj\u00edt\u00e1si alapot \u00e9s egyablakos \u00fcgyint\u00e9z\u00e9si rendszert kell l\u00e9trehozni, a strat\u00e9giai dokumentumoknak pedig konkr\u00e9t c\u00e9lsz\u00e1mokat, \u00fctemez\u00e9st \u00e9s finansz\u00edroz\u00e1si form\u00e1kat kell tartalmaznia.<\/p>\n<h5 style=\"margin-top: 0.6em;\"><i class=\"fas fa-chevron-right\"><\/i> Lak\u00e1smin\u0151s\u00e9g<\/h5>\n<p>A legrosszabbul teljes\u00edt\u0151 \u00e9p\u00fcletek fel\u00faj\u00edt\u00e1sa nem egy EU-nak leadand\u00f3 dokumentum kipip\u00e1land\u00f3 fejezete, hanem egy lehet\u0151s\u00e9g. Komplex fel\u00faj\u00edt\u00e1sukkal nemcsak energia takar\u00edthat\u00f3 meg, hanem sz\u00e1mos lak\u00e1smin\u0151s\u00e9gi probl\u00e9ma is megold\u00f3dna, cs\u00f6kkenn\u00e9nek az orsz\u00e1g eg\u00e9szs\u00e9g\u00fcgyi k\u00f6lts\u00e9gei is.<\/p>\n<h5 style=\"margin-top: 0.6em;\"><i class=\"fas fa-chevron-right\"><\/i> Energiaszeg\u00e9nys\u00e9g<\/h5>\n<p>Els\u0151sorban ki kell haszn\u00e1lni az energia\u00e1t\u00e1ll\u00e1sra el\u00e9rhet\u0151 forr\u00e1sokat. Fel kell m\u00e9rni az \u00e9rintett h\u00e1ztart\u00e1sokat, \u00e9s az energiaszeg\u00e9nys\u00e9g okait is kezel\u0151 c\u00e9lzott int\u00e9zked\u00e9seket kell megalkotni. Garant\u00e1lni kell, hogy a legrosszabbul teljes\u00edt\u0151 \u00e9p\u00fcletek, k\u00f6zt\u00fck a v\u00e1lyogh\u00e1zak fel\u00faj\u00edt\u00e1sa vagy alacsony fogyaszt\u00e1s\u00fa lak\u00e1sokkal val\u00f3 kiv\u00e1lt\u00e1sa megval\u00f3suljon. Az elavult \u00e9s eg\u00e9szs\u00e9gtelen t\u00fczel\u0151berendez\u00e9seket haszn\u00e1l\u00f3k sz\u00e1m\u00e1ra az \u00e9p\u00fclett\u00edpusnak megfelel\u0151, k\u00f6lts\u00e9ghat\u00e9kony f\u0171t\u00e9skorszer\u0171s\u00edt\u00e9si programokat kell kidolgozni. Meg\u00fajul\u00f3 energiaforr\u00e1sok haszn\u00e1lat\u00e1val cs\u00f6kkenteni kell az alacsony j\u00f6vedelm\u0171 h\u00e1ztart\u00e1sok energiak\u00f6lts\u00e9geit. Munkahelyek teremt\u00e9s\u00e9re van lehet\u0151s\u00e9g a munkaer\u0151piaci szempontb\u00f3l kev\u00e9sb\u00e9 er\u0151s ter\u00fcleteken is, munkaer\u0151-ig\u00e9nyes, komplex energiahat\u00e9kony fel\u00faj\u00edt\u00e1sok elind\u00edt\u00e1s\u00e1val. Biztos\u00edtani kell a h\u00e1ztart\u00e1sok c\u00e9lzott t\u00e1j\u00e9koztat\u00e1s\u00e1t \u00e9s akt\u00edv bevon\u00e1s\u00e1t a helyi szerepl\u0151k r\u00e9v\u00e9n, ennek fontos eszk\u00f6ze az egyablakos fel\u00faj\u00edt\u00e1si \u00fcgyint\u00e9z\u00e9si pontok l\u00e9trehoz\u00e1sa.<\/p>\n<h5 style=\"margin-top: 0.6em;\"><i class=\"fas fa-chevron-right\"><\/i> Szegreg\u00e1ci\u00f3<\/h5>\n<p>Nagys\u00e1grendileg n\u00f6velni kell a deszegreg\u00e1ci\u00f3s projektek \u00e1ltal el\u00e9rt h\u00e1ztart\u00e1sok sz\u00e1m\u00e1t. A 2021-2027-es projektek kidolgoz\u00e1sa sor\u00e1n figyelembe kell venni kor\u00e1bbi programoz\u00e1si id\u0151szakokban felmer\u00fcl\u0151 probl\u00e9m\u00e1kat, tanuls\u00e1gokat, ezek kik\u00fcsz\u00f6b\u00f6l\u00e9s\u00e9re m\u00f3dszertani t\u00e1mogat\u00e1st kell ny\u00fajtani a projekteken dolgoz\u00f3knak.<\/p>\n<h5 style=\"margin-top: 0.6em;\"><i class=\"fas fa-chevron-right\"><\/i> Hajl\u00e9ktalans\u00e1g<\/h5>\n<p>Els\u0151sorban el kell t\u00f6r\u00f6lni a hajl\u00e9ktalan emberek kriminaliz\u00e1l\u00e1st c\u00e9lz\u00f3 jogszab\u00e1lyokat. Meg kell sz\u00fcntetni az elhelyez\u00e9s n\u00e9lk\u00fcli \u00e9s a nem jogszer\u0171 kilakoltat\u00e1sokat, k\u00fcl\u00f6n\u00f6sen csal\u00e1dok, int\u00e9zm\u00e9nyek eset\u00e9ben. Ki kell terjeszteni az Els\u0151k\u00e9nt lakhat\u00e1s t\u00edpus\u00fa szolg\u00e1ltat\u00e1sokat, b\u0151v\u00edteni a szoci\u00e1lis b\u00e9rlak\u00e1s-h\u00e1l\u00f3zatot, \u00e9s n\u00f6velni a megfizethet\u0151 lak\u00e1sok k\u00edn\u00e1lat\u00e1t.<\/p>\n<p>[\/et_pb_text][\/et_pb_column][\/et_pb_row][\/et_pb_section]<\/p>\n","protected":false},"excerpt":{"rendered":"<p>Szerz\u0151: Bajomi Anna Zs\u00f3fia (PhD hallgat\u00f3, Politecnico di Milano, Urban Planning, Design and Policy szak). A szerkeszt\u00e9s 2021. augusztus 5-\u00e9n lez\u00e1rult. Az al\u00e1bbiakban a fejezet kivonata olvashat\u00f3. A teljes fejezet let\u00f6lthet\u0151 itt.Az Eur\u00f3pai Uni\u00f3ban a lak\u00e1spolitika tag\u00e1llami hat\u00e1sk\u00f6r; az orsz\u00e1gok saj\u00e1t maguk alak\u00edtj\u00e1k ki a lakhat\u00e1ssal kapcsolatos jogszab\u00e1lyi, k\u00f6zpolitikai kereteket. Az EU azonban az energiapolitika, [&hellip;]<\/p>\n","protected":false},"author":1,"featured_media":85,"parent":0,"menu_order":0,"comment_status":"closed","ping_status":"closed","template":"","meta":{"_et_pb_use_builder":"on","_et_pb_old_content":"","_et_gb_content_width":"","footnotes":""},"class_list":["post-17","page","type-page","status-publish","has-post-thumbnail","hentry"],"yoast_head":"<!-- This site is optimized with the Yoast SEO plugin v27.1.1 - https:\/\/yoast.com\/product\/yoast-seo-wordpress\/ -->\n<title>A lakhat\u00e1si szeg\u00e9nys\u00e9g cs\u00f6kkent\u00e9s\u00e9nek eur\u00f3pai uni\u00f3s keretei - \u00c9ves lakhat\u00e1si jelent\u00e9s 2021 | Habitat for Humanity<\/title>\n<meta name=\"description\" content=\"Az Eur\u00f3pai Uni\u00f3ban a lak\u00e1spolitika tag\u00e1llami hat\u00e1sk\u00f6r, az EU azonban k\u00f6zvetlen vagy k\u00f6zvetett hat\u00e1st tud gyakorolni a lakhat\u00e1sra.\" \/>\n<meta name=\"robots\" content=\"index, follow, max-snippet:-1, max-image-preview:large, max-video-preview:-1\" \/>\n<link rel=\"canonical\" href=\"https:\/\/habitat.hu\/sites\/lakhatasi-jelentes-2021\/a-lakhatasi-szegenyseg-csokkentesenek-europai-unios-keretei\/\" \/>\n<meta property=\"og:locale\" content=\"hu_HU\" \/>\n<meta property=\"og:type\" content=\"article\" \/>\n<meta property=\"og:title\" content=\"A lakhat\u00e1si szeg\u00e9nys\u00e9g cs\u00f6kkent\u00e9s\u00e9nek eur\u00f3pai uni\u00f3s keretei - \u00c9ves lakhat\u00e1si jelent\u00e9s 2021 | Habitat for Humanity\" \/>\n<meta property=\"og:description\" content=\"Az Eur\u00f3pai Uni\u00f3ban a lak\u00e1spolitika tag\u00e1llami hat\u00e1sk\u00f6r, az EU azonban k\u00f6zvetlen vagy k\u00f6zvetett hat\u00e1st tud gyakorolni a lakhat\u00e1sra.\" \/>\n<meta property=\"og:url\" content=\"https:\/\/habitat.hu\/sites\/lakhatasi-jelentes-2021\/a-lakhatasi-szegenyseg-csokkentesenek-europai-unios-keretei\/\" \/>\n<meta property=\"og:site_name\" content=\"\u00c9ves lakhat\u00e1si jelent\u00e9s 2021 | Habitat for Humanity\" \/>\n<meta property=\"article:modified_time\" content=\"2023-03-31T12:20:15+00:00\" \/>\n<meta property=\"og:image\" content=\"https:\/\/habitat.hu\/sites\/lakhatasi-jelentes-2021\/wp-content\/uploads\/sites\/10\/2021\/09\/Habitat_EvesJelentes_2021_20210909_Page_01.jpg\" \/>\n\t<meta property=\"og:image:width\" content=\"1036\" \/>\n\t<meta property=\"og:image:height\" content=\"510\" \/>\n\t<meta property=\"og:image:type\" content=\"image\/jpeg\" \/>\n<meta name=\"twitter:card\" content=\"summary_large_image\" \/>\n<meta name=\"twitter:label1\" content=\"Becs\u00fclt olvas\u00e1si id\u0151\" \/>\n\t<meta name=\"twitter:data1\" content=\"18 perc\" \/>\n<script type=\"application\/ld+json\" class=\"yoast-schema-graph\">{\"@context\":\"https:\/\/schema.org\",\"@graph\":[{\"@type\":\"WebPage\",\"@id\":\"https:\/\/habitat.hu\/sites\/lakhatasi-jelentes-2021\/a-lakhatasi-szegenyseg-csokkentesenek-europai-unios-keretei\/\",\"url\":\"https:\/\/habitat.hu\/sites\/lakhatasi-jelentes-2021\/a-lakhatasi-szegenyseg-csokkentesenek-europai-unios-keretei\/\",\"name\":\"A lakhat\u00e1si szeg\u00e9nys\u00e9g cs\u00f6kkent\u00e9s\u00e9nek eur\u00f3pai uni\u00f3s keretei - \u00c9ves lakhat\u00e1si jelent\u00e9s 2021 | Habitat for Humanity\",\"isPartOf\":{\"@id\":\"https:\/\/habitat.hu\/sites\/lakhatasi-jelentes-2021\/#website\"},\"primaryImageOfPage\":{\"@id\":\"https:\/\/habitat.hu\/sites\/lakhatasi-jelentes-2021\/a-lakhatasi-szegenyseg-csokkentesenek-europai-unios-keretei\/#primaryimage\"},\"image\":{\"@id\":\"https:\/\/habitat.hu\/sites\/lakhatasi-jelentes-2021\/a-lakhatasi-szegenyseg-csokkentesenek-europai-unios-keretei\/#primaryimage\"},\"thumbnailUrl\":\"https:\/\/habitat.hu\/sites\/lakhatasi-jelentes-2021\/wp-content\/uploads\/sites\/10\/2021\/09\/Habitat_EvesJelentes_2021_20210909_Page_01.jpg\",\"datePublished\":\"2021-08-22T12:40:53+00:00\",\"dateModified\":\"2023-03-31T12:20:15+00:00\",\"description\":\"Az Eur\u00f3pai Uni\u00f3ban a lak\u00e1spolitika tag\u00e1llami hat\u00e1sk\u00f6r, az EU azonban k\u00f6zvetlen vagy k\u00f6zvetett hat\u00e1st tud gyakorolni a lakhat\u00e1sra.\",\"breadcrumb\":{\"@id\":\"https:\/\/habitat.hu\/sites\/lakhatasi-jelentes-2021\/a-lakhatasi-szegenyseg-csokkentesenek-europai-unios-keretei\/#breadcrumb\"},\"inLanguage\":\"hu\",\"potentialAction\":[{\"@type\":\"ReadAction\",\"target\":[\"https:\/\/habitat.hu\/sites\/lakhatasi-jelentes-2021\/a-lakhatasi-szegenyseg-csokkentesenek-europai-unios-keretei\/\"]}]},{\"@type\":\"ImageObject\",\"inLanguage\":\"hu\",\"@id\":\"https:\/\/habitat.hu\/sites\/lakhatasi-jelentes-2021\/a-lakhatasi-szegenyseg-csokkentesenek-europai-unios-keretei\/#primaryimage\",\"url\":\"https:\/\/habitat.hu\/sites\/lakhatasi-jelentes-2021\/wp-content\/uploads\/sites\/10\/2021\/09\/Habitat_EvesJelentes_2021_20210909_Page_01.jpg\",\"contentUrl\":\"https:\/\/habitat.hu\/sites\/lakhatasi-jelentes-2021\/wp-content\/uploads\/sites\/10\/2021\/09\/Habitat_EvesJelentes_2021_20210909_Page_01.jpg\",\"width\":1036,\"height\":510},{\"@type\":\"BreadcrumbList\",\"@id\":\"https:\/\/habitat.hu\/sites\/lakhatasi-jelentes-2021\/a-lakhatasi-szegenyseg-csokkentesenek-europai-unios-keretei\/#breadcrumb\",\"itemListElement\":[{\"@type\":\"ListItem\",\"position\":1,\"name\":\"Home\",\"item\":\"https:\/\/habitat.hu\/sites\/lakhatasi-jelentes-2021\/\"},{\"@type\":\"ListItem\",\"position\":2,\"name\":\"A lakhat\u00e1si szeg\u00e9nys\u00e9g cs\u00f6kkent\u00e9s\u00e9nek eur\u00f3pai uni\u00f3s keretei\"}]},{\"@type\":\"WebSite\",\"@id\":\"https:\/\/habitat.hu\/sites\/lakhatasi-jelentes-2021\/#website\",\"url\":\"https:\/\/habitat.hu\/sites\/lakhatasi-jelentes-2021\/\",\"name\":\"\u00c9ves lakhat\u00e1si jelent\u00e9s 2021 | Habitat for Humanity\",\"description\":\"A Habitat for Humanity Magyarorsz\u00e1g \u00e9ves lakhat\u00e1si jelent\u00e9se\",\"potentialAction\":[{\"@type\":\"SearchAction\",\"target\":{\"@type\":\"EntryPoint\",\"urlTemplate\":\"https:\/\/habitat.hu\/sites\/lakhatasi-jelentes-2021\/?s={search_term_string}\"},\"query-input\":{\"@type\":\"PropertyValueSpecification\",\"valueRequired\":true,\"valueName\":\"search_term_string\"}}],\"inLanguage\":\"hu\"}]}<\/script>\n<!-- \/ Yoast SEO plugin. -->","yoast_head_json":{"title":"A lakhat\u00e1si szeg\u00e9nys\u00e9g cs\u00f6kkent\u00e9s\u00e9nek eur\u00f3pai uni\u00f3s keretei - \u00c9ves lakhat\u00e1si jelent\u00e9s 2021 | Habitat for Humanity","description":"Az Eur\u00f3pai Uni\u00f3ban a lak\u00e1spolitika tag\u00e1llami hat\u00e1sk\u00f6r, az EU azonban k\u00f6zvetlen vagy k\u00f6zvetett hat\u00e1st tud gyakorolni a lakhat\u00e1sra.","robots":{"index":"index","follow":"follow","max-snippet":"max-snippet:-1","max-image-preview":"max-image-preview:large","max-video-preview":"max-video-preview:-1"},"canonical":"https:\/\/habitat.hu\/sites\/lakhatasi-jelentes-2021\/a-lakhatasi-szegenyseg-csokkentesenek-europai-unios-keretei\/","og_locale":"hu_HU","og_type":"article","og_title":"A lakhat\u00e1si szeg\u00e9nys\u00e9g cs\u00f6kkent\u00e9s\u00e9nek eur\u00f3pai uni\u00f3s keretei - \u00c9ves lakhat\u00e1si jelent\u00e9s 2021 | Habitat for Humanity","og_description":"Az Eur\u00f3pai Uni\u00f3ban a lak\u00e1spolitika tag\u00e1llami hat\u00e1sk\u00f6r, az EU azonban k\u00f6zvetlen vagy k\u00f6zvetett hat\u00e1st tud gyakorolni a lakhat\u00e1sra.","og_url":"https:\/\/habitat.hu\/sites\/lakhatasi-jelentes-2021\/a-lakhatasi-szegenyseg-csokkentesenek-europai-unios-keretei\/","og_site_name":"\u00c9ves lakhat\u00e1si jelent\u00e9s 2021 | Habitat for Humanity","article_modified_time":"2023-03-31T12:20:15+00:00","og_image":[{"width":1036,"height":510,"url":"https:\/\/habitat.hu\/sites\/lakhatasi-jelentes-2021\/wp-content\/uploads\/sites\/10\/2021\/09\/Habitat_EvesJelentes_2021_20210909_Page_01.jpg","type":"image\/jpeg"}],"twitter_card":"summary_large_image","twitter_misc":{"Becs\u00fclt olvas\u00e1si id\u0151":"18 perc"},"schema":{"@context":"https:\/\/schema.org","@graph":[{"@type":"WebPage","@id":"https:\/\/habitat.hu\/sites\/lakhatasi-jelentes-2021\/a-lakhatasi-szegenyseg-csokkentesenek-europai-unios-keretei\/","url":"https:\/\/habitat.hu\/sites\/lakhatasi-jelentes-2021\/a-lakhatasi-szegenyseg-csokkentesenek-europai-unios-keretei\/","name":"A lakhat\u00e1si szeg\u00e9nys\u00e9g cs\u00f6kkent\u00e9s\u00e9nek eur\u00f3pai uni\u00f3s keretei - \u00c9ves lakhat\u00e1si jelent\u00e9s 2021 | Habitat for Humanity","isPartOf":{"@id":"https:\/\/habitat.hu\/sites\/lakhatasi-jelentes-2021\/#website"},"primaryImageOfPage":{"@id":"https:\/\/habitat.hu\/sites\/lakhatasi-jelentes-2021\/a-lakhatasi-szegenyseg-csokkentesenek-europai-unios-keretei\/#primaryimage"},"image":{"@id":"https:\/\/habitat.hu\/sites\/lakhatasi-jelentes-2021\/a-lakhatasi-szegenyseg-csokkentesenek-europai-unios-keretei\/#primaryimage"},"thumbnailUrl":"https:\/\/habitat.hu\/sites\/lakhatasi-jelentes-2021\/wp-content\/uploads\/sites\/10\/2021\/09\/Habitat_EvesJelentes_2021_20210909_Page_01.jpg","datePublished":"2021-08-22T12:40:53+00:00","dateModified":"2023-03-31T12:20:15+00:00","description":"Az Eur\u00f3pai Uni\u00f3ban a lak\u00e1spolitika tag\u00e1llami hat\u00e1sk\u00f6r, az EU azonban k\u00f6zvetlen vagy k\u00f6zvetett hat\u00e1st tud gyakorolni a lakhat\u00e1sra.","breadcrumb":{"@id":"https:\/\/habitat.hu\/sites\/lakhatasi-jelentes-2021\/a-lakhatasi-szegenyseg-csokkentesenek-europai-unios-keretei\/#breadcrumb"},"inLanguage":"hu","potentialAction":[{"@type":"ReadAction","target":["https:\/\/habitat.hu\/sites\/lakhatasi-jelentes-2021\/a-lakhatasi-szegenyseg-csokkentesenek-europai-unios-keretei\/"]}]},{"@type":"ImageObject","inLanguage":"hu","@id":"https:\/\/habitat.hu\/sites\/lakhatasi-jelentes-2021\/a-lakhatasi-szegenyseg-csokkentesenek-europai-unios-keretei\/#primaryimage","url":"https:\/\/habitat.hu\/sites\/lakhatasi-jelentes-2021\/wp-content\/uploads\/sites\/10\/2021\/09\/Habitat_EvesJelentes_2021_20210909_Page_01.jpg","contentUrl":"https:\/\/habitat.hu\/sites\/lakhatasi-jelentes-2021\/wp-content\/uploads\/sites\/10\/2021\/09\/Habitat_EvesJelentes_2021_20210909_Page_01.jpg","width":1036,"height":510},{"@type":"BreadcrumbList","@id":"https:\/\/habitat.hu\/sites\/lakhatasi-jelentes-2021\/a-lakhatasi-szegenyseg-csokkentesenek-europai-unios-keretei\/#breadcrumb","itemListElement":[{"@type":"ListItem","position":1,"name":"Home","item":"https:\/\/habitat.hu\/sites\/lakhatasi-jelentes-2021\/"},{"@type":"ListItem","position":2,"name":"A lakhat\u00e1si szeg\u00e9nys\u00e9g cs\u00f6kkent\u00e9s\u00e9nek eur\u00f3pai uni\u00f3s keretei"}]},{"@type":"WebSite","@id":"https:\/\/habitat.hu\/sites\/lakhatasi-jelentes-2021\/#website","url":"https:\/\/habitat.hu\/sites\/lakhatasi-jelentes-2021\/","name":"\u00c9ves lakhat\u00e1si jelent\u00e9s 2021 | Habitat for Humanity","description":"A Habitat for Humanity Magyarorsz\u00e1g \u00e9ves lakhat\u00e1si jelent\u00e9se","potentialAction":[{"@type":"SearchAction","target":{"@type":"EntryPoint","urlTemplate":"https:\/\/habitat.hu\/sites\/lakhatasi-jelentes-2021\/?s={search_term_string}"},"query-input":{"@type":"PropertyValueSpecification","valueRequired":true,"valueName":"search_term_string"}}],"inLanguage":"hu"}]}},"_links":{"self":[{"href":"https:\/\/habitat.hu\/sites\/lakhatasi-jelentes-2021\/wp-json\/wp\/v2\/pages\/17","targetHints":{"allow":["GET"]}}],"collection":[{"href":"https:\/\/habitat.hu\/sites\/lakhatasi-jelentes-2021\/wp-json\/wp\/v2\/pages"}],"about":[{"href":"https:\/\/habitat.hu\/sites\/lakhatasi-jelentes-2021\/wp-json\/wp\/v2\/types\/page"}],"author":[{"embeddable":true,"href":"https:\/\/habitat.hu\/sites\/lakhatasi-jelentes-2021\/wp-json\/wp\/v2\/users\/1"}],"replies":[{"embeddable":true,"href":"https:\/\/habitat.hu\/sites\/lakhatasi-jelentes-2021\/wp-json\/wp\/v2\/comments?post=17"}],"version-history":[{"count":33,"href":"https:\/\/habitat.hu\/sites\/lakhatasi-jelentes-2021\/wp-json\/wp\/v2\/pages\/17\/revisions"}],"predecessor-version":[{"id":334,"href":"https:\/\/habitat.hu\/sites\/lakhatasi-jelentes-2021\/wp-json\/wp\/v2\/pages\/17\/revisions\/334"}],"wp:featuredmedia":[{"embeddable":true,"href":"https:\/\/habitat.hu\/sites\/lakhatasi-jelentes-2021\/wp-json\/wp\/v2\/media\/85"}],"wp:attachment":[{"href":"https:\/\/habitat.hu\/sites\/lakhatasi-jelentes-2021\/wp-json\/wp\/v2\/media?parent=17"}],"curies":[{"name":"wp","href":"https:\/\/api.w.org\/{rel}","templated":true}]}}